{"id":244,"date":"2025-08-25T13:51:39","date_gmt":"2025-08-25T13:51:39","guid":{"rendered":"https:\/\/unidosportorresvedras.pt\/2025\/?page_id=244"},"modified":"2025-08-28T12:35:42","modified_gmt":"2025-08-28T12:35:42","slug":"equipa","status":"publish","type":"page","link":"https:\/\/unidosportorresvedras.pt\/2025\/equipa\/","title":{"rendered":"Equipa"},"content":{"rendered":"\t\t<div data-elementor-type=\"wp-page\" data-elementor-id=\"244\" class=\"elementor elementor-244\" data-elementor-post-type=\"page\">\n\t\t\t\t<div class=\"elementor-element elementor-element-1861999 e-flex e-con-boxed e-con e-parent\" data-id=\"1861999\" data-element_type=\"container\">\n\t\t\t\t\t<div class=\"e-con-inner\">\n\t\t<div class=\"elementor-element elementor-element-cea4548 e-con-full e-flex e-con e-child\" data-id=\"cea4548\" data-element_type=\"container\">\n\t\t\t\t<div class=\"elementor-element elementor-element-3eef37d elementor-widget elementor-widget-heading\" data-id=\"3eef37d\" data-element_type=\"widget\" data-widget_type=\"heading.default\">\n\t\t\t\t\t<h2 class=\"elementor-heading-title elementor-size-default\">EQUIPA<\/h2>\t\t\t\t<\/div>\n\t\t\t\t<div class=\"elementor-element elementor-element-f227860 elementor-widget elementor-widget-image\" data-id=\"f227860\" data-element_type=\"widget\" data-widget_type=\"image.default\">\n\t\t\t\t\t\t\t\t\t\t\t\t\t\t\t<img decoding=\"async\" width=\"100\" height=\"100\" src=\"https:\/\/unidosportorresvedras.pt\/2025\/wp-content\/uploads\/2025\/08\/bar-3.svg\" class=\"attachment-large size-large wp-image-191\" alt=\"\" \/>\t\t\t\t\t\t\t\t\t\t\t\t\t\t\t<\/div>\n\t\t\t\t<\/div>\n\t\t\t\t<div class=\"elementor-element elementor-element-919d48b elementor-widget elementor-widget-heading\" data-id=\"919d48b\" data-element_type=\"widget\" data-widget_type=\"heading.default\">\n\t\t\t\t\t<h2 class=\"elementor-heading-title elementor-size-default\">Candidatos \u00e0 C\u00e2mara Municipal de Torres Vedras<\/h2>\t\t\t\t<\/div>\n\t\t<div class=\"elementor-element elementor-element-85e285c e-con-full e-grid grid e-con e-child\" data-id=\"85e285c\" data-element_type=\"container\">\n\t\t<a class=\"elementor-element elementor-element-3260e84 e-con-full e-flex e-con e-child\" data-id=\"3260e84\" data-element_type=\"container\" href=\"#elementor-action%3Aaction%3Dpopup%3Aopen%26settings%3DeyJpZCI6IjI5NiIsInRvZ2dsZSI6ZmFsc2V9\">\n\t\t\t\t<div class=\"elementor-element elementor-element-63c3ada elementor-widget elementor-widget-image\" data-id=\"63c3ada\" data-element_type=\"widget\" data-widget_type=\"image.default\">\n\t\t\t\t\t\t\t\t\t\t\t\t\t\t\t<img decoding=\"async\" src=\"https:\/\/unidosportorresvedras.pt\/2025\/wp-content\/uploads\/elementor\/thumbs\/Sergio-raj7p97sojjpv3uy4tc7po5c0799vj9q0c0978y44w.webp\" title=\"Sergio\" alt=\"Sergio\" loading=\"lazy\" \/>\t\t\t\t\t\t\t\t\t\t\t\t\t\t\t<\/div>\n\t\t\t\t<div class=\"elementor-element elementor-element-c22c672 elementor-widget elementor-widget-heading\" data-id=\"c22c672\" data-element_type=\"widget\" data-widget_type=\"heading.default\">\n\t\t\t\t\t<h2 class=\"elementor-heading-title elementor-size-default\">S\u00e9rgio Galv\u00e3o<\/h2>\t\t\t\t<\/div>\n\t\t\t\t<\/a>\n\t\t<a class=\"elementor-element elementor-element-1b25d57 e-con-full e-flex e-con e-child\" data-id=\"1b25d57\" data-element_type=\"container\" href=\"#elementor-action%3Aaction%3Dpopup%3Aopen%26settings%3DeyJpZCI6IjMwMyIsInRvZ2dsZSI6ZmFsc2V9\">\n\t\t\t\t<div class=\"elementor-element elementor-element-6841556 elementor-widget elementor-widget-image\" data-id=\"6841556\" data-element_type=\"widget\" data-widget_type=\"image.default\">\n\t\t\t\t\t\t\t\t\t\t\t\t\t\t\t<img decoding=\"async\" src=\"https:\/\/unidosportorresvedras.pt\/2025\/wp-content\/uploads\/elementor\/thumbs\/Rita-Sammer-rah5k0z13dkoix2ak0xs48ovnjjpm4m6cvk65yn1io.webp\" title=\"Rita Sammer\" alt=\"Rita Sammer\" loading=\"lazy\" \/>\t\t\t\t\t\t\t\t\t\t\t\t\t\t\t<\/div>\n\t\t\t\t<div class=\"elementor-element elementor-element-5470784 elementor-widget elementor-widget-heading\" data-id=\"5470784\" data-element_type=\"widget\" data-widget_type=\"heading.default\">\n\t\t\t\t\t<h2 class=\"elementor-heading-title elementor-size-default\">Rita Sammer<\/h2>\t\t\t\t<\/div>\n\t\t\t\t<\/a>\n\t\t<a class=\"elementor-element elementor-element-2e40fe2 e-con-full e-flex e-con e-child\" data-id=\"2e40fe2\" data-element_type=\"container\" href=\"#elementor-action%3Aaction%3Dpopup%3Aopen%26settings%3DeyJpZCI6IjMwNiIsInRvZ2dsZSI6ZmFsc2V9\">\n\t\t\t\t<div class=\"elementor-element elementor-element-7e51360 elementor-widget elementor-widget-image\" data-id=\"7e51360\" data-element_type=\"widget\" data-widget_type=\"image.default\">\n\t\t\t\t\t\t\t\t\t\t\t\t\t\t\t<img decoding=\"async\" src=\"https:\/\/unidosportorresvedras.pt\/2025\/wp-content\/uploads\/elementor\/thumbs\/Diogo-raj7p3krjjbzxg351qwgapkkfw12lcnbzk3cbl6h68.webp\" title=\"Diogo\" alt=\"Diogo\" loading=\"lazy\" \/>\t\t\t\t\t\t\t\t\t\t\t\t\t\t\t<\/div>\n\t\t\t\t<div class=\"elementor-element elementor-element-7fa8885 elementor-widget elementor-widget-heading\" data-id=\"7fa8885\" data-element_type=\"widget\" data-widget_type=\"heading.default\">\n\t\t\t\t\t<h2 class=\"elementor-heading-title elementor-size-default\">Diogo Guia<\/h2>\t\t\t\t<\/div>\n\t\t\t\t<\/a>\n\t\t<a class=\"elementor-element elementor-element-c423e78 e-con-full e-flex e-con e-child\" data-id=\"c423e78\" data-element_type=\"container\" href=\"#elementor-action%3Aaction%3Dpopup%3Aopen%26settings%3DeyJpZCI6IjMwOSIsInRvZ2dsZSI6ZmFsc2V9\">\n\t\t\t\t<div class=\"elementor-element elementor-element-b9c8848 elementor-widget elementor-widget-image\" data-id=\"b9c8848\" data-element_type=\"widget\" data-widget_type=\"image.default\">\n\t\t\t\t\t\t\t\t\t\t\t\t\t\t\t<img decoding=\"async\" src=\"https:\/\/unidosportorresvedras.pt\/2025\/wp-content\/uploads\/elementor\/thumbs\/Barbara-raj7p1p35v9fa85vcq375q1n94ac5yfvbasdd199io.webp\" title=\"Barbara\" alt=\"Barbara\" loading=\"lazy\" \/>\t\t\t\t\t\t\t\t\t\t\t\t\t\t\t<\/div>\n\t\t\t\t<div class=\"elementor-element elementor-element-5dc1636 elementor-widget elementor-widget-heading\" data-id=\"5dc1636\" data-element_type=\"widget\" data-widget_type=\"heading.default\">\n\t\t\t\t\t<h2 class=\"elementor-heading-title elementor-size-default\">B\u00e1rbara Amaro<\/h2>\t\t\t\t<\/div>\n\t\t\t\t<\/a>\n\t\t<a class=\"elementor-element elementor-element-3beb3fb e-con-full e-flex e-con e-child\" data-id=\"3beb3fb\" data-element_type=\"container\" href=\"#elementor-action%3Aaction%3Dpopup%3Aopen%26settings%3DeyJpZCI6IjM5NiIsInRvZ2dsZSI6ZmFsc2V9\">\n\t\t\t\t<div class=\"elementor-element elementor-element-93da77e elementor-widget elementor-widget-image\" data-id=\"93da77e\" data-element_type=\"widget\" data-widget_type=\"image.default\">\n\t\t\t\t\t\t\t\t\t\t\t\t\t\t\t<img decoding=\"async\" src=\"https:\/\/unidosportorresvedras.pt\/2025\/wp-content\/uploads\/elementor\/thumbs\/Rui-raj7p89yhpifjhwbaaxl56dvetdwnu5zo7crpyzib4.webp\" title=\"Rui\" alt=\"Rui\" loading=\"lazy\" \/>\t\t\t\t\t\t\t\t\t\t\t\t\t\t\t<\/div>\n\t\t\t\t<div class=\"elementor-element elementor-element-dd4ebae elementor-widget elementor-widget-heading\" data-id=\"dd4ebae\" data-element_type=\"widget\" data-widget_type=\"heading.default\">\n\t\t\t\t\t<h2 class=\"elementor-heading-title elementor-size-default\">Rui Estrela<\/h2>\t\t\t\t<\/div>\n\t\t\t\t<\/a>\n\t\t<a class=\"elementor-element elementor-element-0ad59c8 e-con-full e-flex e-con e-child\" data-id=\"0ad59c8\" data-element_type=\"container\" href=\"#elementor-action%3Aaction%3Dpopup%3Aopen%26settings%3DeyJpZCI6IjMxMiIsInRvZ2dsZSI6ZmFsc2V9\">\n\t\t\t\t<div class=\"elementor-element elementor-element-5f6a851 elementor-widget elementor-widget-image\" data-id=\"5f6a851\" data-element_type=\"widget\" data-widget_type=\"image.default\">\n\t\t\t\t\t\t\t\t\t\t\t\t\t\t\t<img decoding=\"async\" src=\"https:\/\/unidosportorresvedras.pt\/2025\/wp-content\/uploads\/elementor\/thumbs\/Pedro-raj7p6ea41fuw9z1la4c06uy81n68fyizy1srf2ank.webp\" title=\"Pedro\" alt=\"Pedro\" loading=\"lazy\" \/>\t\t\t\t\t\t\t\t\t\t\t\t\t\t\t<\/div>\n\t\t\t\t<div class=\"elementor-element elementor-element-ac65c9f elementor-widget elementor-widget-heading\" data-id=\"ac65c9f\" data-element_type=\"widget\" data-widget_type=\"heading.default\">\n\t\t\t\t\t<h2 class=\"elementor-heading-title elementor-size-default\">Pedro Miranda<\/h2>\t\t\t\t<\/div>\n\t\t\t\t<\/a>\n\t\t\t\t<\/div>\n\t\t\t\t<div class=\"elementor-element elementor-element-1ee5add elementor-widget elementor-widget-heading\" data-id=\"1ee5add\" data-element_type=\"widget\" data-widget_type=\"heading.default\">\n\t\t\t\t\t<h2 class=\"elementor-heading-title elementor-size-default\">Candidatos \u00e0 Assembleia Municipal de Torres Vedras<\/h2>\t\t\t\t<\/div>\n\t\t<div class=\"elementor-element elementor-element-3bf6711 e-con-full e-grid grid e-con e-child\" data-id=\"3bf6711\" data-element_type=\"container\">\n\t\t<a class=\"elementor-element elementor-element-a35b470 e-con-full e-flex e-con e-child\" data-id=\"a35b470\" data-element_type=\"container\" href=\"#elementor-action%3Aaction%3Dpopup%3Aopen%26settings%3DeyJpZCI6IjMxNSIsInRvZ2dsZSI6ZmFsc2V9\">\n\t\t\t\t<div class=\"elementor-element elementor-element-456ecfb elementor-widget elementor-widget-image\" data-id=\"456ecfb\" data-element_type=\"widget\" data-widget_type=\"image.default\">\n\t\t\t\t\t\t\t\t\t\t\t\t\t\t\t<img decoding=\"async\" src=\"https:\/\/unidosportorresvedras.pt\/2025\/wp-content\/uploads\/elementor\/thumbs\/Helena-raj7p4ilqdda921rw9b2v7c119wft1r2boqtsv5300.webp\" title=\"Helena\" alt=\"Helena\" loading=\"lazy\" \/>\t\t\t\t\t\t\t\t\t\t\t\t\t\t\t<\/div>\n\t\t\t\t<div class=\"elementor-element elementor-element-1946b1f elementor-widget elementor-widget-heading\" data-id=\"1946b1f\" data-element_type=\"widget\" data-widget_type=\"heading.default\">\n\t\t\t\t\t<h2 class=\"elementor-heading-title elementor-size-default\">Helena Ferreira<\/h2>\t\t\t\t<\/div>\n\t\t\t\t<\/a>\n\t\t<a class=\"elementor-element elementor-element-47a6ec3 e-con-full e-flex e-con e-child\" data-id=\"47a6ec3\" data-element_type=\"container\" href=\"#elementor-action%3Aaction%3Dpopup%3Aopen%26settings%3DeyJpZCI6IjQwMiIsInRvZ2dsZSI6ZmFsc2V9\">\n\t\t\t\t<div class=\"elementor-element elementor-element-ddcdb30 elementor-widget elementor-widget-image\" data-id=\"ddcdb30\" data-element_type=\"widget\" data-widget_type=\"image.default\">\n\t\t\t\t\t\t\t\t\t\t\t\t\t\t\t<img decoding=\"async\" src=\"https:\/\/unidosportorresvedras.pt\/2025\/wp-content\/uploads\/elementor\/thumbs\/JorgeSantos-rax8fa5wdsxzdevrxwptvj0771iduj0jhm3kf02gs0.webp\" title=\"JorgeSantos\" alt=\"JorgeSantos\" loading=\"lazy\" \/>\t\t\t\t\t\t\t\t\t\t\t\t\t\t\t<\/div>\n\t\t\t\t<div class=\"elementor-element elementor-element-237bd57 elementor-widget elementor-widget-heading\" data-id=\"237bd57\" data-element_type=\"widget\" data-widget_type=\"heading.default\">\n\t\t\t\t\t<h2 class=\"elementor-heading-title elementor-size-default\">Jorge Santos<\/h2>\t\t\t\t<\/div>\n\t\t\t\t<\/a>\n\t\t\t\t<\/div>\n\t\t\t\t\t<\/div>\n\t\t\t\t<\/div>\n\t\t\t\t<\/div>\n\t\t","protected":false},"excerpt":{"rendered":"<p>EQUIPA Candidatos \u00e0 C\u00e2mara Municipal de Torres Vedras S\u00e9rgio Galv\u00e3o Rita Sammer Diogo Guia B\u00e1rbara Amaro Rui Estrela Pedro Miranda Candidatos \u00e0 Assembleia Municipal de Torres Vedras Helena Ferreira Jorge Santos<\/p>\n","protected":false},"author":1,"featured_media":0,"parent":0,"menu_order":0,"comment_status":"closed","ping_status":"closed","template":"","meta":{"_acf_changed":false,"footnotes":""},"class_list":["post-244","page","type-page","status-publish","hentry"],"acf":[],"yoast_head":"<!-- This site is optimized with the Yoast SEO plugin v26.0 - https:\/\/yoast.com\/wordpress\/plugins\/seo\/ -->\n<title>Equipa - Unidos por Torres Vedras<\/title>\n<meta name=\"robots\" content=\"index, follow, max-snippet:-1, max-image-preview:large, max-video-preview:-1\" \/>\n<link rel=\"canonical\" href=\"https:\/\/unidosportorresvedras.pt\/2025\/equipa\/\" \/>\n<meta property=\"og:locale\" content=\"en_US\" \/>\n<meta property=\"og:type\" content=\"article\" \/>\n<meta property=\"og:title\" content=\"Equipa - Unidos por Torres Vedras\" \/>\n<meta property=\"og:description\" content=\"EQUIPA Candidatos \u00e0 C\u00e2mara Municipal de Torres Vedras S\u00e9rgio Galv\u00e3o Rita Sammer Diogo Guia B\u00e1rbara Amaro Rui Estrela Pedro Miranda Candidatos \u00e0 Assembleia Municipal de Torres Vedras Helena Ferreira Jorge Santos\" \/>\n<meta property=\"og:url\" content=\"https:\/\/unidosportorresvedras.pt\/2025\/equipa\/\" \/>\n<meta property=\"og:site_name\" content=\"Unidos por Torres Vedras\" \/>\n<meta property=\"article:modified_time\" content=\"2025-08-28T12:35:42+00:00\" \/>\n<meta name=\"twitter:card\" content=\"summary_large_image\" \/>\n<meta name=\"twitter:label1\" content=\"Est. reading time\" \/>\n\t<meta name=\"twitter:data1\" content=\"1 minute\" \/>\n<script type=\"application\/ld+json\" class=\"yoast-schema-graph\">{\"@context\":\"https:\/\/schema.org\",\"@graph\":[{\"@type\":\"WebPage\",\"@id\":\"https:\/\/unidosportorresvedras.pt\/2025\/equipa\/\",\"url\":\"https:\/\/unidosportorresvedras.pt\/2025\/equipa\/\",\"name\":\"Equipa - Unidos por Torres Vedras\",\"isPartOf\":{\"@id\":\"https:\/\/unidosportorresvedras.pt\/2025\/#website\"},\"primaryImageOfPage\":{\"@id\":\"https:\/\/unidosportorresvedras.pt\/2025\/equipa\/#primaryimage\"},\"image\":{\"@id\":\"https:\/\/unidosportorresvedras.pt\/2025\/equipa\/#primaryimage\"},\"thumbnailUrl\":\"https:\/\/unidosportorresvedras.pt\/2025\/wp-content\/uploads\/2025\/08\/bar-3.svg\",\"datePublished\":\"2025-08-25T13:51:39+00:00\",\"dateModified\":\"2025-08-28T12:35:42+00:00\",\"breadcrumb\":{\"@id\":\"https:\/\/unidosportorresvedras.pt\/2025\/equipa\/#breadcrumb\"},\"inLanguage\":\"en-US\",\"potentialAction\":[{\"@type\":\"ReadAction\",\"target\":[\"https:\/\/unidosportorresvedras.pt\/2025\/equipa\/\"]}]},{\"@type\":\"ImageObject\",\"inLanguage\":\"en-US\",\"@id\":\"https:\/\/unidosportorresvedras.pt\/2025\/equipa\/#primaryimage\",\"url\":\"https:\/\/unidosportorresvedras.pt\/2025\/wp-content\/uploads\/2025\/08\/bar-3.svg\",\"contentUrl\":\"https:\/\/unidosportorresvedras.pt\/2025\/wp-content\/uploads\/2025\/08\/bar-3.svg\",\"width\":100,\"height\":100},{\"@type\":\"BreadcrumbList\",\"@id\":\"https:\/\/unidosportorresvedras.pt\/2025\/equipa\/#breadcrumb\",\"itemListElement\":[{\"@type\":\"ListItem\",\"position\":1,\"name\":\"Home\",\"item\":\"https:\/\/unidosportorresvedras.pt\/2025\/\"},{\"@type\":\"ListItem\",\"position\":2,\"name\":\"Equipa\"}]},{\"@type\":\"WebSite\",\"@id\":\"https:\/\/unidosportorresvedras.pt\/2025\/#website\",\"url\":\"https:\/\/unidosportorresvedras.pt\/2025\/\",\"name\":\"Unidos por Torres Vedras\",\"description\":\"\",\"publisher\":{\"@id\":\"https:\/\/unidosportorresvedras.pt\/2025\/#organization\"},\"potentialAction\":[{\"@type\":\"SearchAction\",\"target\":{\"@type\":\"EntryPoint\",\"urlTemplate\":\"https:\/\/unidosportorresvedras.pt\/2025\/?s={search_term_string}\"},\"query-input\":{\"@type\":\"PropertyValueSpecification\",\"valueRequired\":true,\"valueName\":\"search_term_string\"}}],\"inLanguage\":\"en-US\"},{\"@type\":\"Organization\",\"@id\":\"https:\/\/unidosportorresvedras.pt\/2025\/#organization\",\"name\":\"Unidos por Torres Vedras\",\"url\":\"https:\/\/unidosportorresvedras.pt\/2025\/\",\"logo\":{\"@type\":\"ImageObject\",\"inLanguage\":\"en-US\",\"@id\":\"https:\/\/unidosportorresvedras.pt\/2025\/#\/schema\/logo\/image\/\",\"url\":\"https:\/\/unidosportorresvedras.pt\/2025\/wp-content\/uploads\/2025\/08\/unidos_2025.svg\",\"contentUrl\":\"https:\/\/unidosportorresvedras.pt\/2025\/wp-content\/uploads\/2025\/08\/unidos_2025.svg\",\"width\":100,\"height\":100,\"caption\":\"Unidos por Torres Vedras\"},\"image\":{\"@id\":\"https:\/\/unidosportorresvedras.pt\/2025\/#\/schema\/logo\/image\/\"}}]}<\/script>\n<!-- \/ Yoast SEO plugin. -->","yoast_head_json":{"title":"Equipa - Unidos por Torres Vedras","robots":{"index":"index","follow":"follow","max-snippet":"max-snippet:-1","max-image-preview":"max-image-preview:large","max-video-preview":"max-video-preview:-1"},"canonical":"https:\/\/unidosportorresvedras.pt\/2025\/equipa\/","og_locale":"en_US","og_type":"article","og_title":"Equipa - Unidos por Torres Vedras","og_description":"EQUIPA Candidatos \u00e0 C\u00e2mara Municipal de Torres Vedras S\u00e9rgio Galv\u00e3o Rita Sammer Diogo Guia B\u00e1rbara Amaro Rui Estrela Pedro Miranda Candidatos \u00e0 Assembleia Municipal de Torres Vedras Helena Ferreira Jorge Santos","og_url":"https:\/\/unidosportorresvedras.pt\/2025\/equipa\/","og_site_name":"Unidos por Torres Vedras","article_modified_time":"2025-08-28T12:35:42+00:00","twitter_card":"summary_large_image","twitter_misc":{"Est. reading time":"1 minute"},"schema":{"@context":"https:\/\/schema.org","@graph":[{"@type":"WebPage","@id":"https:\/\/unidosportorresvedras.pt\/2025\/equipa\/","url":"https:\/\/unidosportorresvedras.pt\/2025\/equipa\/","name":"Equipa - Unidos por Torres Vedras","isPartOf":{"@id":"https:\/\/unidosportorresvedras.pt\/2025\/#website"},"primaryImageOfPage":{"@id":"https:\/\/unidosportorresvedras.pt\/2025\/equipa\/#primaryimage"},"image":{"@id":"https:\/\/unidosportorresvedras.pt\/2025\/equipa\/#primaryimage"},"thumbnailUrl":"https:\/\/unidosportorresvedras.pt\/2025\/wp-content\/uploads\/2025\/08\/bar-3.svg","datePublished":"2025-08-25T13:51:39+00:00","dateModified":"2025-08-28T12:35:42+00:00","breadcrumb":{"@id":"https:\/\/unidosportorresvedras.pt\/2025\/equipa\/#breadcrumb"},"inLanguage":"en-US","potentialAction":[{"@type":"ReadAction","target":["https:\/\/unidosportorresvedras.pt\/2025\/equipa\/"]}]},{"@type":"ImageObject","inLanguage":"en-US","@id":"https:\/\/unidosportorresvedras.pt\/2025\/equipa\/#primaryimage","url":"https:\/\/unidosportorresvedras.pt\/2025\/wp-content\/uploads\/2025\/08\/bar-3.svg","contentUrl":"https:\/\/unidosportorresvedras.pt\/2025\/wp-content\/uploads\/2025\/08\/bar-3.svg","width":100,"height":100},{"@type":"BreadcrumbList","@id":"https:\/\/unidosportorresvedras.pt\/2025\/equipa\/#breadcrumb","itemListElement":[{"@type":"ListItem","position":1,"name":"Home","item":"https:\/\/unidosportorresvedras.pt\/2025\/"},{"@type":"ListItem","position":2,"name":"Equipa"}]},{"@type":"WebSite","@id":"https:\/\/unidosportorresvedras.pt\/2025\/#website","url":"https:\/\/unidosportorresvedras.pt\/2025\/","name":"Unidos por Torres Vedras","description":"","publisher":{"@id":"https:\/\/unidosportorresvedras.pt\/2025\/#organization"},"potentialAction":[{"@type":"SearchAction","target":{"@type":"EntryPoint","urlTemplate":"https:\/\/unidosportorresvedras.pt\/2025\/?s={search_term_string}"},"query-input":{"@type":"PropertyValueSpecification","valueRequired":true,"valueName":"search_term_string"}}],"inLanguage":"en-US"},{"@type":"Organization","@id":"https:\/\/unidosportorresvedras.pt\/2025\/#organization","name":"Unidos por Torres Vedras","url":"https:\/\/unidosportorresvedras.pt\/2025\/","logo":{"@type":"ImageObject","inLanguage":"en-US","@id":"https:\/\/unidosportorresvedras.pt\/2025\/#\/schema\/logo\/image\/","url":"https:\/\/unidosportorresvedras.pt\/2025\/wp-content\/uploads\/2025\/08\/unidos_2025.svg","contentUrl":"https:\/\/unidosportorresvedras.pt\/2025\/wp-content\/uploads\/2025\/08\/unidos_2025.svg","width":100,"height":100,"caption":"Unidos por Torres Vedras"},"image":{"@id":"https:\/\/unidosportorresvedras.pt\/2025\/#\/schema\/logo\/image\/"}}]}},"_links":{"self":[{"href":"https:\/\/unidosportorresvedras.pt\/2025\/wp-json\/wp\/v2\/pages\/244","targetHints":{"allow":["GET"]}}],"collection":[{"href":"https:\/\/unidosportorresvedras.pt\/2025\/wp-json\/wp\/v2\/pages"}],"about":[{"href":"https:\/\/unidosportorresvedras.pt\/2025\/wp-json\/wp\/v2\/types\/page"}],"author":[{"embeddable":true,"href":"https:\/\/unidosportorresvedras.pt\/2025\/wp-json\/wp\/v2\/users\/1"}],"replies":[{"embeddable":true,"href":"https:\/\/unidosportorresvedras.pt\/2025\/wp-json\/wp\/v2\/comments?post=244"}],"version-history":[{"count":28,"href":"https:\/\/unidosportorresvedras.pt\/2025\/wp-json\/wp\/v2\/pages\/244\/revisions"}],"predecessor-version":[{"id":448,"href":"https:\/\/unidosportorresvedras.pt\/2025\/wp-json\/wp\/v2\/pages\/244\/revisions\/448"}],"wp:attachment":[{"href":"https:\/\/unidosportorresvedras.pt\/2025\/wp-json\/wp\/v2\/media?parent=244"}],"curies":[{"name":"wp","href":"https:\/\/api.w.org\/{rel}","templated":true}]}}