{"id":284,"date":"2025-08-26T11:04:37","date_gmt":"2025-08-26T11:04:37","guid":{"rendered":"https:\/\/unidosportorresvedras.pt\/2025\/?page_id=284"},"modified":"2025-08-26T13:31:44","modified_gmt":"2025-08-26T13:31:44","slug":"sergio-galvao","status":"publish","type":"page","link":"https:\/\/unidosportorresvedras.pt\/2025\/sergio-galvao\/","title":{"rendered":"Sergio Galv\u00e3o"},"content":{"rendered":"\t\t<div data-elementor-type=\"wp-page\" data-elementor-id=\"284\" class=\"elementor elementor-284\" data-elementor-post-type=\"page\">\n\t\t\t\t<div class=\"elementor-element elementor-element-83b259c e-flex e-con-boxed e-con e-parent\" data-id=\"83b259c\" data-element_type=\"container\">\n\t\t\t\t\t<div class=\"e-con-inner\">\n\t\t\t\t<div class=\"elementor-element elementor-element-134d116 elementor-widget elementor-widget-heading\" data-id=\"134d116\" data-element_type=\"widget\" data-widget_type=\"heading.default\">\n\t\t\t\t\t<h2 class=\"elementor-heading-title elementor-size-default\">Hoje, mais do que nunca, <br>seguimos Unidos por Torres Vedras.<\/h2>\t\t\t\t<\/div>\n\t\t\t\t\t<\/div>\n\t\t\t\t<\/div>\n\t\t<div class=\"elementor-element elementor-element-805a616 e-flex e-con-boxed e-con e-parent\" data-id=\"805a616\" data-element_type=\"container\">\n\t\t\t\t\t<div class=\"e-con-inner\">\n\t\t\t\t<div class=\"elementor-element elementor-element-a304cdc elementor-widget elementor-widget-text-editor\" data-id=\"a304cdc\" data-element_type=\"widget\" data-widget_type=\"text-editor.default\">\n\t\t\t\t\t\t\t\t\t<p>Hoje, Torres Vedras est\u00e1 bloqueada por um poder cansado de si pr\u00f3prio.<br \/>Falta ambi\u00e7\u00e3o. Falta lideran\u00e7a. N\u00e3o aceitamos a ideia de que \u201csempre foi assim\u201d e que nada pode ser diferente.<\/p><p>Por isso, demos um novo passo e compartilhamos com os partidos \u2014 da esquerda \u00e0 direita \u2014 para construir um projeto que una, e n\u00e3o que divida. Este acordo hist\u00f3rico junta o Movimento C\u00edvico Unidos por Torres Vedras, PSD, CDS e Volt.<\/p><p>Como a lei ainda prejudica os movimentos de cidad\u00e3os, o Movimento C\u00edvico d\u00e1 o nome \u00e0 coliga\u00e7\u00e3o mas n\u00e3o tem a sua sigla no boletim. Nada que nos demova. Este projeto n\u00e3o \u00e9 um somat\u00f3rio de siglas. N\u00e3o pens\u00e1mos em partidos, mas em pessoas, juntando as melhores em cada \u00e1rea.<\/p>\t\t\t\t\t\t\t\t<\/div>\n\t\t\t\t<div class=\"elementor-element elementor-element-e8e4219 elementor-widget elementor-widget-text-editor\" data-id=\"e8e4219\" data-element_type=\"widget\" data-widget_type=\"text-editor.default\">\n\t\t\t\t\t\t\t\t\t<p>Gente que conhece o territ\u00f3rio. Que vem do associativismo e com provas dadas na economia, no desporto, na educa\u00e7\u00e3o, na sa\u00fade. Serei o rosto que lidera esta equipa, como candidado do Movimento C\u00ecvico, do PSD, CDS e Volt.<\/p><p>Chegou a hora de dar uma nova ambi\u00e7\u00e3o a Torres Vedras. <br \/>A de fazer muito mais e melhor.<\/p>\t\t\t\t\t\t\t\t<\/div>\n\t\t\t\t\t<\/div>\n\t\t\t\t<\/div>\n\t\t<div class=\"elementor-element elementor-element-7f30a8d e-flex e-con-boxed e-con e-parent\" data-id=\"7f30a8d\" data-element_type=\"container\">\n\t\t\t\t\t<div class=\"e-con-inner\">\n\t\t\t\t<div class=\"elementor-element elementor-element-22b356b elementor-widget elementor-widget-heading\" data-id=\"22b356b\" data-element_type=\"widget\" data-widget_type=\"heading.default\">\n\t\t\t\t\t<h2 class=\"elementor-heading-title elementor-size-default\">Pequena nota biog\u00e1fica<\/h2>\t\t\t\t<\/div>\n\t\t<div class=\"elementor-element elementor-element-9d030f8 e-con-full e-flex e-con e-child\" data-id=\"9d030f8\" data-element_type=\"container\">\n\t\t<div class=\"elementor-element elementor-element-3641cb1 e-con-full e-flex e-con e-child\" data-id=\"3641cb1\" data-element_type=\"container\">\n\t\t\t\t<div class=\"elementor-element elementor-element-3ff2f52 elementor-widget elementor-widget-text-editor\" data-id=\"3ff2f52\" data-element_type=\"widget\" data-widget_type=\"text-editor.default\">\n\t\t\t\t\t\t\t\t\t<p>Economista, dirigente associativo e ex-vereador com vasta experi\u00eancia aut\u00e1rquica. S\u00e9rgio Galv\u00e3o \u00e9 atualmente diretor financeiro de um grupo tur\u00edstico e vereador sem pelouro na C\u00e2mara Municipal de Torres Vedras, eleito pelo movimento c\u00edvico Unidos por Torres Vedras. Entre 2005 e 2016, foi vereador respons\u00e1vel pelas \u00e1reas financeiras, administrativas e de inova\u00e7\u00e3o, tendo tamb\u00e9m desempenhado fun\u00e7\u00f5es como administrador dos Servi\u00e7os Municipalizados, da Promotorres e do CAERO, Centro de Apoio ao Empres\u00e1rio da Regi\u00e3o Oeste.<\/p><p>Licenciado em Gest\u00e3o e p\u00f3s-graduado em Hist\u00f3ria Regional e Local, conta ainda com experi\u00eancia t\u00e9cnica nos gabinetes da presid\u00eancia e vice-presid\u00eancia da autarquia. Membro da Ordem dos Economistas e dos Contabilistas Certificados, tem tamb\u00e9m um longo percurso no associativismo acad\u00e9mico e desportivo. Foi jogador de h\u00f3quei em patins, tendo alinhado v\u00e1rias \u00e9pocas na F\u00edsica de Torres Vedras, clube do qual foi presidente entre 2014 e 2024.<\/p>\t\t\t\t\t\t\t\t<\/div>\n\t\t\t\t<div class=\"elementor-element elementor-element-531b36b elementor-widget elementor-widget-image\" data-id=\"531b36b\" data-element_type=\"widget\" data-widget_type=\"image.default\">\n\t\t\t\t\t\t\t\t\t\t\t\t\t\t\t<img decoding=\"async\" width=\"100\" height=\"100\" src=\"https:\/\/unidosportorresvedras.pt\/2025\/wp-content\/uploads\/2025\/08\/bar.svg\" class=\"attachment-large size-large wp-image-61\" alt=\"\" \/>\t\t\t\t\t\t\t\t\t\t\t\t\t\t\t<\/div>\n\t\t\t\t<\/div>\n\t\t<div class=\"elementor-element elementor-element-5f52846 e-con-full e-flex e-con e-child\" data-id=\"5f52846\" data-element_type=\"container\">\n\t\t\t\t<div class=\"elementor-element elementor-element-fecbe1e elementor-widget elementor-widget-image\" data-id=\"fecbe1e\" data-element_type=\"widget\" data-widget_type=\"image.default\">\n\t\t\t\t\t\t\t\t\t\t\t\t\t\t\t<img fetchpriority=\"high\" decoding=\"async\" width=\"800\" height=\"909\" src=\"https:\/\/unidosportorresvedras.pt\/2025\/wp-content\/uploads\/2025\/08\/sergio_galvao-901x1024.webp\" class=\"attachment-large size-large wp-image-60\" alt=\"\" srcset=\"https:\/\/unidosportorresvedras.pt\/2025\/wp-content\/uploads\/2025\/08\/sergio_galvao-901x1024.webp 901w, https:\/\/unidosportorresvedras.pt\/2025\/wp-content\/uploads\/2025\/08\/sergio_galvao-264x300.webp 264w, https:\/\/unidosportorresvedras.pt\/2025\/wp-content\/uploads\/2025\/08\/sergio_galvao-768x873.webp 768w, https:\/\/unidosportorresvedras.pt\/2025\/wp-content\/uploads\/2025\/08\/sergio_galvao.webp 1080w\" sizes=\"(max-width: 800px) 100vw, 800px\" \/>\t\t\t\t\t\t\t\t\t\t\t\t\t\t\t<\/div>\n\t\t\t\t<\/div>\n\t\t\t\t<\/div>\n\t\t\t\t\t<\/div>\n\t\t\t\t<\/div>\n\t\t\t\t<\/div>\n\t\t","protected":false},"excerpt":{"rendered":"<p>Hoje, mais do que nunca, seguimos Unidos por Torres Vedras. Hoje, Torres Vedras est\u00e1 bloqueada por um poder cansado de si pr\u00f3prio.Falta ambi\u00e7\u00e3o. Falta lideran\u00e7a. N\u00e3o aceitamos a ideia de que \u201csempre foi assim\u201d e que nada pode ser diferente. Por isso, demos um novo passo e compartilhamos com os partidos \u2014 da esquerda \u00e0 [&hellip;]<\/p>\n","protected":false},"author":1,"featured_media":0,"parent":0,"menu_order":0,"comment_status":"closed","ping_status":"closed","template":"","meta":{"_acf_changed":false,"footnotes":""},"class_list":["post-284","page","type-page","status-publish","hentry"],"acf":[],"yoast_head":"<!-- This site is optimized with the Yoast SEO plugin v26.0 - https:\/\/yoast.com\/wordpress\/plugins\/seo\/ -->\n<title>Sergio Galv\u00e3o - Unidos por Torres Vedras<\/title>\n<meta name=\"robots\" content=\"index, follow, max-snippet:-1, max-image-preview:large, max-video-preview:-1\" \/>\n<link rel=\"canonical\" href=\"https:\/\/unidosportorresvedras.pt\/2025\/sergio-galvao\/\" \/>\n<meta property=\"og:locale\" content=\"en_US\" \/>\n<meta property=\"og:type\" content=\"article\" \/>\n<meta property=\"og:title\" content=\"Sergio Galv\u00e3o - Unidos por Torres Vedras\" \/>\n<meta property=\"og:description\" content=\"Hoje, mais do que nunca, seguimos Unidos por Torres Vedras. Hoje, Torres Vedras est\u00e1 bloqueada por um poder cansado de si pr\u00f3prio.Falta ambi\u00e7\u00e3o. Falta lideran\u00e7a. N\u00e3o aceitamos a ideia de que \u201csempre foi assim\u201d e que nada pode ser diferente. Por isso, demos um novo passo e compartilhamos com os partidos \u2014 da esquerda \u00e0 [&hellip;]\" \/>\n<meta property=\"og:url\" content=\"https:\/\/unidosportorresvedras.pt\/2025\/sergio-galvao\/\" \/>\n<meta property=\"og:site_name\" content=\"Unidos por Torres Vedras\" \/>\n<meta property=\"article:modified_time\" content=\"2025-08-26T13:31:44+00:00\" \/>\n<meta name=\"twitter:card\" content=\"summary_large_image\" \/>\n<meta name=\"twitter:label1\" content=\"Est. reading time\" \/>\n\t<meta name=\"twitter:data1\" content=\"2 minutes\" \/>\n<script type=\"application\/ld+json\" class=\"yoast-schema-graph\">{\"@context\":\"https:\/\/schema.org\",\"@graph\":[{\"@type\":\"WebPage\",\"@id\":\"https:\/\/unidosportorresvedras.pt\/2025\/sergio-galvao\/\",\"url\":\"https:\/\/unidosportorresvedras.pt\/2025\/sergio-galvao\/\",\"name\":\"Sergio Galv\u00e3o - Unidos por Torres Vedras\",\"isPartOf\":{\"@id\":\"https:\/\/unidosportorresvedras.pt\/2025\/#website\"},\"primaryImageOfPage\":{\"@id\":\"https:\/\/unidosportorresvedras.pt\/2025\/sergio-galvao\/#primaryimage\"},\"image\":{\"@id\":\"https:\/\/unidosportorresvedras.pt\/2025\/sergio-galvao\/#primaryimage\"},\"thumbnailUrl\":\"https:\/\/unidosportorresvedras.pt\/2025\/wp-content\/uploads\/2025\/08\/bar.svg\",\"datePublished\":\"2025-08-26T11:04:37+00:00\",\"dateModified\":\"2025-08-26T13:31:44+00:00\",\"breadcrumb\":{\"@id\":\"https:\/\/unidosportorresvedras.pt\/2025\/sergio-galvao\/#breadcrumb\"},\"inLanguage\":\"en-US\",\"potentialAction\":[{\"@type\":\"ReadAction\",\"target\":[\"https:\/\/unidosportorresvedras.pt\/2025\/sergio-galvao\/\"]}]},{\"@type\":\"ImageObject\",\"inLanguage\":\"en-US\",\"@id\":\"https:\/\/unidosportorresvedras.pt\/2025\/sergio-galvao\/#primaryimage\",\"url\":\"https:\/\/unidosportorresvedras.pt\/2025\/wp-content\/uploads\/2025\/08\/bar.svg\",\"contentUrl\":\"https:\/\/unidosportorresvedras.pt\/2025\/wp-content\/uploads\/2025\/08\/bar.svg\",\"width\":100,\"height\":100},{\"@type\":\"BreadcrumbList\",\"@id\":\"https:\/\/unidosportorresvedras.pt\/2025\/sergio-galvao\/#breadcrumb\",\"itemListElement\":[{\"@type\":\"ListItem\",\"position\":1,\"name\":\"Home\",\"item\":\"https:\/\/unidosportorresvedras.pt\/2025\/\"},{\"@type\":\"ListItem\",\"position\":2,\"name\":\"Sergio Galv\u00e3o\"}]},{\"@type\":\"WebSite\",\"@id\":\"https:\/\/unidosportorresvedras.pt\/2025\/#website\",\"url\":\"https:\/\/unidosportorresvedras.pt\/2025\/\",\"name\":\"Unidos por Torres Vedras\",\"description\":\"\",\"publisher\":{\"@id\":\"https:\/\/unidosportorresvedras.pt\/2025\/#organization\"},\"potentialAction\":[{\"@type\":\"SearchAction\",\"target\":{\"@type\":\"EntryPoint\",\"urlTemplate\":\"https:\/\/unidosportorresvedras.pt\/2025\/?s={search_term_string}\"},\"query-input\":{\"@type\":\"PropertyValueSpecification\",\"valueRequired\":true,\"valueName\":\"search_term_string\"}}],\"inLanguage\":\"en-US\"},{\"@type\":\"Organization\",\"@id\":\"https:\/\/unidosportorresvedras.pt\/2025\/#organization\",\"name\":\"Unidos por Torres Vedras\",\"url\":\"https:\/\/unidosportorresvedras.pt\/2025\/\",\"logo\":{\"@type\":\"ImageObject\",\"inLanguage\":\"en-US\",\"@id\":\"https:\/\/unidosportorresvedras.pt\/2025\/#\/schema\/logo\/image\/\",\"url\":\"https:\/\/unidosportorresvedras.pt\/2025\/wp-content\/uploads\/2025\/08\/unidos_2025.svg\",\"contentUrl\":\"https:\/\/unidosportorresvedras.pt\/2025\/wp-content\/uploads\/2025\/08\/unidos_2025.svg\",\"width\":100,\"height\":100,\"caption\":\"Unidos por Torres Vedras\"},\"image\":{\"@id\":\"https:\/\/unidosportorresvedras.pt\/2025\/#\/schema\/logo\/image\/\"}}]}<\/script>\n<!-- \/ Yoast SEO plugin. -->","yoast_head_json":{"title":"Sergio Galv\u00e3o - Unidos por Torres Vedras","robots":{"index":"index","follow":"follow","max-snippet":"max-snippet:-1","max-image-preview":"max-image-preview:large","max-video-preview":"max-video-preview:-1"},"canonical":"https:\/\/unidosportorresvedras.pt\/2025\/sergio-galvao\/","og_locale":"en_US","og_type":"article","og_title":"Sergio Galv\u00e3o - Unidos por Torres Vedras","og_description":"Hoje, mais do que nunca, seguimos Unidos por Torres Vedras. Hoje, Torres Vedras est\u00e1 bloqueada por um poder cansado de si pr\u00f3prio.Falta ambi\u00e7\u00e3o. Falta lideran\u00e7a. N\u00e3o aceitamos a ideia de que \u201csempre foi assim\u201d e que nada pode ser diferente. Por isso, demos um novo passo e compartilhamos com os partidos \u2014 da esquerda \u00e0 [&hellip;]","og_url":"https:\/\/unidosportorresvedras.pt\/2025\/sergio-galvao\/","og_site_name":"Unidos por Torres Vedras","article_modified_time":"2025-08-26T13:31:44+00:00","twitter_card":"summary_large_image","twitter_misc":{"Est. reading time":"2 minutes"},"schema":{"@context":"https:\/\/schema.org","@graph":[{"@type":"WebPage","@id":"https:\/\/unidosportorresvedras.pt\/2025\/sergio-galvao\/","url":"https:\/\/unidosportorresvedras.pt\/2025\/sergio-galvao\/","name":"Sergio Galv\u00e3o - Unidos por Torres Vedras","isPartOf":{"@id":"https:\/\/unidosportorresvedras.pt\/2025\/#website"},"primaryImageOfPage":{"@id":"https:\/\/unidosportorresvedras.pt\/2025\/sergio-galvao\/#primaryimage"},"image":{"@id":"https:\/\/unidosportorresvedras.pt\/2025\/sergio-galvao\/#primaryimage"},"thumbnailUrl":"https:\/\/unidosportorresvedras.pt\/2025\/wp-content\/uploads\/2025\/08\/bar.svg","datePublished":"2025-08-26T11:04:37+00:00","dateModified":"2025-08-26T13:31:44+00:00","breadcrumb":{"@id":"https:\/\/unidosportorresvedras.pt\/2025\/sergio-galvao\/#breadcrumb"},"inLanguage":"en-US","potentialAction":[{"@type":"ReadAction","target":["https:\/\/unidosportorresvedras.pt\/2025\/sergio-galvao\/"]}]},{"@type":"ImageObject","inLanguage":"en-US","@id":"https:\/\/unidosportorresvedras.pt\/2025\/sergio-galvao\/#primaryimage","url":"https:\/\/unidosportorresvedras.pt\/2025\/wp-content\/uploads\/2025\/08\/bar.svg","contentUrl":"https:\/\/unidosportorresvedras.pt\/2025\/wp-content\/uploads\/2025\/08\/bar.svg","width":100,"height":100},{"@type":"BreadcrumbList","@id":"https:\/\/unidosportorresvedras.pt\/2025\/sergio-galvao\/#breadcrumb","itemListElement":[{"@type":"ListItem","position":1,"name":"Home","item":"https:\/\/unidosportorresvedras.pt\/2025\/"},{"@type":"ListItem","position":2,"name":"Sergio Galv\u00e3o"}]},{"@type":"WebSite","@id":"https:\/\/unidosportorresvedras.pt\/2025\/#website","url":"https:\/\/unidosportorresvedras.pt\/2025\/","name":"Unidos por Torres Vedras","description":"","publisher":{"@id":"https:\/\/unidosportorresvedras.pt\/2025\/#organization"},"potentialAction":[{"@type":"SearchAction","target":{"@type":"EntryPoint","urlTemplate":"https:\/\/unidosportorresvedras.pt\/2025\/?s={search_term_string}"},"query-input":{"@type":"PropertyValueSpecification","valueRequired":true,"valueName":"search_term_string"}}],"inLanguage":"en-US"},{"@type":"Organization","@id":"https:\/\/unidosportorresvedras.pt\/2025\/#organization","name":"Unidos por Torres Vedras","url":"https:\/\/unidosportorresvedras.pt\/2025\/","logo":{"@type":"ImageObject","inLanguage":"en-US","@id":"https:\/\/unidosportorresvedras.pt\/2025\/#\/schema\/logo\/image\/","url":"https:\/\/unidosportorresvedras.pt\/2025\/wp-content\/uploads\/2025\/08\/unidos_2025.svg","contentUrl":"https:\/\/unidosportorresvedras.pt\/2025\/wp-content\/uploads\/2025\/08\/unidos_2025.svg","width":100,"height":100,"caption":"Unidos por Torres Vedras"},"image":{"@id":"https:\/\/unidosportorresvedras.pt\/2025\/#\/schema\/logo\/image\/"}}]}},"_links":{"self":[{"href":"https:\/\/unidosportorresvedras.pt\/2025\/wp-json\/wp\/v2\/pages\/284","targetHints":{"allow":["GET"]}}],"collection":[{"href":"https:\/\/unidosportorresvedras.pt\/2025\/wp-json\/wp\/v2\/pages"}],"about":[{"href":"https:\/\/unidosportorresvedras.pt\/2025\/wp-json\/wp\/v2\/types\/page"}],"author":[{"embeddable":true,"href":"https:\/\/unidosportorresvedras.pt\/2025\/wp-json\/wp\/v2\/users\/1"}],"replies":[{"embeddable":true,"href":"https:\/\/unidosportorresvedras.pt\/2025\/wp-json\/wp\/v2\/comments?post=284"}],"version-history":[{"count":10,"href":"https:\/\/unidosportorresvedras.pt\/2025\/wp-json\/wp\/v2\/pages\/284\/revisions"}],"predecessor-version":[{"id":324,"href":"https:\/\/unidosportorresvedras.pt\/2025\/wp-json\/wp\/v2\/pages\/284\/revisions\/324"}],"wp:attachment":[{"href":"https:\/\/unidosportorresvedras.pt\/2025\/wp-json\/wp\/v2\/media?parent=284"}],"curies":[{"name":"wp","href":"https:\/\/api.w.org\/{rel}","templated":true}]}}