{"id":479,"date":"2025-09-29T15:14:15","date_gmt":"2025-09-29T15:14:15","guid":{"rendered":"https:\/\/unidosportorresvedras.pt\/2025\/?post_type=programa&#038;p=479"},"modified":"2025-10-01T21:21:48","modified_gmt":"2025-10-01T21:21:48","slug":"introducao","status":"publish","type":"programa","link":"https:\/\/unidosportorresvedras.pt\/2025\/programa\/introducao\/","title":{"rendered":"Introdu\u00e7\u00e3o"},"content":{"rendered":"\n<h1 class=\"wp-block-heading\"><strong>UMA VIS\u00c3O ESTRAT\u00c9GICA PARA TORRES VEDRAS<\/strong><\/h1>\n\n\n\n<p><\/p>\n\n\n\n<p><strong><em>Programa Eleitoral Aut\u00e1rquico 2025<\/em><\/strong><\/p>\n\n\n\n<p><strong><em>UNIDOS POR TORRES VEDRAS&nbsp;<\/em><\/strong><\/p>\n\n\n\n<p><\/p>\n\n\n\n<h3 class=\"wp-block-heading\"><strong>TORRES VEDRAS.<\/strong><\/h3>\n\n\n\n<p>TERRA COM HIST\u00d3RIA. TERRA COM FUTURO.<\/p>\n\n\n\n<h3 class=\"wp-block-heading\"><strong>\u00cdNDICE<\/strong><\/h3>\n\n\n\n<p><strong>Raz\u00e3o <\/strong>de uma candidatura conjunta e <strong>porqu\u00ea<\/strong> \u201c<em>Unidos por Torres Vedras<\/em>\u201d<\/p>\n\n\n\n<p><strong>Introdu\u00e7\u00e3o<\/strong><\/p>\n\n\n\n<p><em>Uma comunidade de valores<\/em><br><em>O direito \u00e0 felicidade<\/em><br><em>Um concelho de futuro<\/em><\/p>\n\n\n\n<p><strong>Manifesto<\/strong><\/p>\n\n\n\n<p><em>Vis\u00e3o<\/em><br><em>Valores<\/em><br><em>Uma pol\u00edtica de proximidade<\/em><\/p>\n\n\n\n<p><strong>Pilares<\/strong><\/p>\n\n\n\n<p>Um programa de futuro, de todos e para todos, hoje e amanh\u00e3<\/p>\n\n\n\n<p><strong>Unidos \u2013 Processo &amp; Transpar\u00eancia<\/strong><\/p>\n\n\n\n<p><strong>\u00cdndice dos cap\u00edtulos<\/strong><\/p>\n\n\n\n<p>Legendas<\/p>\n\n\n\n<h3 class=\"wp-block-heading\"><strong>Raz\u00e3o de uma candidatura conjunta e porqu\u00ea \u201c<\/strong><strong><em>Unidos por Torres Vedras<\/em><\/strong><strong>\u201d<\/strong><\/h3>\n\n\n\n<p>Em 2024 as principais for\u00e7as pol\u00edticas de oposi\u00e7\u00e3o ao poder instalado em Torres Vedras, desde o 25 de abril de 1974, iniciaram discuss\u00f5es sobre a possibilidade de constituir uma frente unida e uma alternativa democr\u00e1tica refor\u00e7ada, assente em princ\u00edpios democr\u00e1ticos comuns, na liberdade e na defesa dos direitos de todos os cidad\u00e3os, sem demagogias ou populismos f\u00e1ceis.<\/p>\n\n\n\n<p>Um exame mais atento dos resultados das \u00faltimas elei\u00e7\u00f5es aut\u00e1rquicas revela que, embora o PS tenha obtido uma vit\u00f3ria clara na distribui\u00e7\u00e3o de mandatos (5 em 9), a vota\u00e7\u00e3o da oposi\u00e7\u00e3o Unidos \u2013 Movimento C\u00edvico + PSD\/CDS, quando somada, foi praticamente igual. A vota\u00e7\u00e3o do Unidos e da coliga\u00e7\u00e3o <em>Afirmar<\/em> (fora a restante oposi\u00e7\u00e3o) resultou num total de 39,8% dos votos, enquanto o PS obteve 39,9%, mas uma maioria absoluta de mandatos. Esta fragmenta\u00e7\u00e3o da oposi\u00e7\u00e3o foi um fator determinante para a vit\u00f3ria do PS, permitindo-lhe manter a maioria, que se soma \u00e0 maioria de Freguesias, 11 em 13, e correspondente maioria na Assembleia Municipal. Acresce que o poder \u00e9 exercido de forma absoluta, sem qualquer atribui\u00e7\u00e3o de pelouros ou de posi\u00e7\u00f5es na gest\u00e3o da autarquia ou, sequer, na defini\u00e7\u00e3o or\u00e7amental, por mais irrelevante que seja. Esta situa\u00e7\u00e3o, constitui, por isso, um verdadeiro bloqueio democr\u00e1tico em que a oposi\u00e7\u00e3o, pese embora tenha o mesmo peso eleitoral do partido no poder, cumpre um papel quase decorativo ou meramente de democracia aparente.<\/p>\n\n\n\n<p>O 25 de abril n\u00e3o se fez para permitir t\u00e3o longos per\u00edodos de governo sem altern\u00e2ncia democr\u00e1tica.<\/p>\n\n\n\n<p>Este bloqueio democr\u00e1tico tem tamb\u00e9m a sua express\u00e3o na maior absten\u00e7\u00e3o nas elei\u00e7\u00f5es aut\u00e1rquicas do que, por exemplo, nas legislativas \u2013 aut\u00e1rquicas de 2021, absten\u00e7\u00e3o de 46,35%, legislativas de 2025 absten\u00e7\u00e3o de 41,77% \u2013 justamente porque os eleitores consideram que o seu voto ser\u00e1 in\u00fatil para oferecer qualquer alternativa democr\u00e1tica. E este tem sido o cen\u00e1rio desde o 25 de Abril, governo de partido \u00fanico, aparelho aut\u00e1rquico dominado, exerc\u00edcio do poder em estilo absolutista, sem altern\u00e2ncia, transpar\u00eancia ou evolu\u00e7\u00e3o.<\/p>\n\n\n\n<p>Iniciado um trabalho de converg\u00eancia em torno de propostas concretas de governa\u00e7\u00e3o, as principais for\u00e7as pol\u00edticas de oposi\u00e7\u00e3o acordaram em apresentar um programa de governa\u00e7\u00e3o inovador, ambicioso e refor\u00e7ado, contando com o trabalho de centenas de pessoas com um objetivo comum: oferecer mais e melhor para Torres Vedras.<\/p>\n\n\n\n<p>Uma vez que a legisla\u00e7\u00e3o portuguesa n\u00e3o permite a exist\u00eancia de coliga\u00e7\u00f5es de partidos com movimentos de cidad\u00e3os independentes, foi acordado criar uma plataforma \u00fanica, constitu\u00edda pelas for\u00e7as pol\u00edticas usando a designa\u00e7\u00e3o de \u2018<em>Unidos por Torres Vedras\u2019<\/em>, integrando militantes dos partidos e independentes do movimento c\u00edvico.<\/p>\n\n\n\n<p>Unimos for\u00e7as para lan\u00e7ar um novo ciclo de desenvolvimento para Torres Vedras. Entreg\u00e1mos listas \u00e0 C\u00e2mara Municipal, \u00e0 Assembleia Municipal e a todas as Freguesias, formalizando um acordo hist\u00f3rico entre o Movimento C\u00edvico Unidos por Torres Vedras, o PSD, o CDS e o Volt.<\/p>\n\n\n\n<p>Unidos pelo futuro de Torres Vedras, em converg\u00eancia de princ\u00edpios e orientados pelos valores da transpar\u00eancia, confian\u00e7a, compet\u00eancia e credibilidade, apresentamos propostas com cronograma concreto, demonstrando o porqu\u00ea, o como e o quando, de forma refletida e sustentada, numa candidatura aut\u00e1rquica virados para o futuro.<\/p>\n\n\n\n<p>Mais do que partidos, junt\u00e1mos pessoas: gente com trabalho feito, ligada \u00e0s suas comunidades, coletividades e sociedade civil, com provas dadas, em todas as Freguesias e vida profissional fora da pol\u00edtica. Uma equipa preparada para governar e com a energia e ambi\u00e7\u00e3o de mudar a hist\u00f3ria de sempre, oferecendo mais \u00e0s nossas gentes e construir um futuro melhor para os nossos filhos.<\/p>\n\n\n\n<p><strong>INTRODU\u00c7\u00c3O<\/strong><\/p>\n\n\n\n<p>A \u00faltima vez que foi publicado um <em>Plano Estrat\u00e9gico para Torres Vedras<\/em> foi h\u00e1 quase 30 anos, em 1996.&nbsp;<\/p>\n\n\n\n<p>Em tr\u00eas d\u00e9cadas, <strong>o mundo mudou<\/strong> \u2013 muitas das ideias ent\u00e3o apresentadas nunca avan\u00e7aram, e outras deixaram de fazer sentido ou tornaram-se obsoletas.<\/p>\n\n\n\n<p><strong>Problemas que est\u00e3o amplamente identificados arrastam-se por d\u00e9cadas<\/strong>, apesar de exigirem r\u00e1pida resposta.<\/p>\n\n\n\n<p>A gest\u00e3o da nossa autarquia tem ficado para tr\u00e1s na resposta aos desafios dos tempos que vivemos. <strong>Oportunidades de financiamento europeu perdidas<\/strong>, <strong>problemas eternos que ficam sem resolu\u00e7\u00e3o, obras que n\u00e3o passam de inten\u00e7\u00f5es e an\u00fancios<\/strong>.<\/p>\n\n\n\n<p>O 2.\u00ba Relat\u00f3rio do Ordenamento do Territ\u00f3rio 2018-2022 (REOT), legalmente obrigat\u00f3rio, faz uma fotografia do Concelho de 4 em 4 anos e oferece um cen\u00e1rio desolador quanto \u00e0 execu\u00e7\u00e3o de projetos em Torres Vedras. <strong>Cerca de 80% das obras planeadas ou prometidas em 2007 nunca sa\u00edram do papel<\/strong>. \u00c9 como fazer um plano qualquer e deixar 80% por fazer. Mais do que \u2018poucochinho\u2019 constitui uma verdadeira ofensa ao dinheiro e \u00e0 confian\u00e7a dos cidad\u00e3os na gest\u00e3o p\u00fablica aut\u00e1rquica e implicou j\u00e1 um atraso de d\u00e9cadas face a muitas outras cidades e concelhos de dimens\u00e3o compar\u00e1vel.<\/p>\n\n\n\n<p>S\u00e3o urgentes mudan\u00e7as e uma <strong>a\u00e7\u00e3o transformadora que envolva os cidad\u00e3os<\/strong>, com mais transpar\u00eancia, mais ambi\u00e7\u00e3o e inova\u00e7\u00e3o e uma forma diferente de pensar no servi\u00e7o p\u00fablico.<\/p>\n\n\n\n<p>O Unidos por Torres Vedras apresenta um <strong>Programa Eleitoral<\/strong> que ambiciona constituir tamb\u00e9m um <strong>Plano Estrat\u00e9gico a executar ao longo do tempo<\/strong>, <strong>com uma vis\u00e3o de progresso e bem-estar. <\/strong>E mudar o que tem sido o<strong> processo pol\u00edtico de quase 50 anos da mesma cor pol\u00edtica<\/strong>.<\/p>\n\n\n\n<p><strong>\u00c9 fundamental <\/strong>lan\u00e7ar e debater <strong>propostas inovadoras<\/strong> para o <strong>futuro do Concelho e das Freguesias<\/strong>.<\/p>\n\n\n\n<p>Prop\u00f5em-se <strong>solu\u00e7\u00f5es, com objetivos, cronogramas de a\u00e7\u00e3o e metas concretas<\/strong>, com os impactos previs\u00edveis, em especial, ao n\u00edvel ambiental, or\u00e7amental e para a juventude.<\/p>\n\n\n\n<p>Para executar as reformas necess\u00e1rias, importa avaliar o percurso desde 1976 \u2013 a alvorada da democracia e do poder local \u2013 manter e melhorar o que se alcan\u00e7ou e avan\u00e7ar no muito que est\u00e1 por fazer, orientados para uma <strong>gest\u00e3o mais eficiente e transparente dos recursos financeiros p\u00fablicos<\/strong>.<\/p>\n\n\n\n<p>O <strong>dinheiro do or\u00e7amento anual n\u00e3o \u00e9 da C\u00e2mara Municipal, \u00e9 dos contribuintes<\/strong>. E quem contribui, tem de ter mais do que uma palavra a dizer. Tem de poder participar, escrutinar, contribuir. Uma democracia participativa tem de envolver as pessoas nas decis\u00f5es e tem de <strong>prestar contas<\/strong>, criando meios para informar e ouvir. N\u00e3o s\u00f3 de 4 em 4 anos, como se fossem um mero ap\u00eandice democr\u00e1tico. Os eleitores s\u00e3o, acima de tudo, cidad\u00e3os de pleno direito.<\/p>\n\n\n\n<p><strong>50 anos do mesmo poder \u00e9 muito tempo<\/strong>. Como j\u00e1 sab\u00edamos.<\/p>\n\n\n\n<p>Uma cidadania ativa implica o interesse, mas tamb\u00e9m a possibilidade de <strong>conhecer e estar informado sobre o que se passa<\/strong> \u00e0 nossa volta, para al\u00e9m da nossa casa, bairro ou aldeia. A divulga\u00e7\u00e3o de eventos, o acesso a informa\u00e7\u00e3o ou o conhecimento das raz\u00f5es por tr\u00e1s das decis\u00f5es t\u00eam de melhorar muito.<\/p>\n\n\n\n<p>O sentido ou participa\u00e7\u00e3o c\u00edvicos cultivam-se, praticam-se, cabendo ao poder pol\u00edtico disponibilizar ferramentas para uma <strong>participa\u00e7\u00e3o simples, f\u00e1cil, efetiva<\/strong>, diminuindo a burocracia e eliminando entraves \u00e0 participa\u00e7\u00e3o.<\/p>\n\n\n\n<p>Numa democracia participativa, todos t\u00eam de ter as mesmas oportunidades para partilhar ideias ou propor solu\u00e7\u00f5es.<\/p>\n\n\n\n<p>\u00c9 fundamental que durante a planifica\u00e7\u00e3o ou execu\u00e7\u00e3o de um projeto municipal \u2013 seja a requalifica\u00e7\u00e3o de uma rua, a cria\u00e7\u00e3o de um Parque Verde ou a constru\u00e7\u00e3o de uma Escola \u2013 <strong>se oi\u00e7a e sejam recolhidos contributos da comunidade local, dos cidad\u00e3os<\/strong>, numa l\u00f3gica de \u2018muito maior\u2019 proximidade. Por isso propomos um modelo inovador, o das <strong>\u2018<\/strong><strong><em>Freguesias Sede de Concelho<\/em><\/strong><strong>\u2019<\/strong>, com <strong>Freguesias com mais recursos, mais compet\u00eancias, mais capacidade<\/strong>.<\/p>\n\n\n\n<p>Finalmente, precisamos de <strong>servi\u00e7os p\u00fablicos valorizados<\/strong>, motivados e orientados para proteger e servir todos os cidad\u00e3os em todo o nosso Concelho.<\/p>\n\n\n\n<p>Apelamos, por isso, a uma <strong>mudan\u00e7a e alternativa democr\u00e1tica<\/strong>, ao fim de 50 anos do 25 de abril, orientada para <strong>proteger e servir melhor os cidad\u00e3os<\/strong>.<\/p>\n\n\n\n<p><strong>GOVERNAR OUVINDO E ENVOLVENDO OS CIDAD\u00c3OS<\/strong><\/p>\n\n\n\n<p><strong>UNIDOS, VAMOS MUDAR PARA MELHOR!<\/strong><\/p>\n\n\n\n<h3 class=\"wp-block-heading\"><strong>UMA COMUNIDADE DE VALORES<\/strong><\/h3>\n\n\n\n<p>Torres Vedras fundou-se na conflu\u00eancia do mar e das serras, como regi\u00e3o de produ\u00e7\u00e3o agr\u00edcola de excel\u00eancia e cruzamento de rotas econ\u00f3micas, a norte da capital do pa\u00eds. Ponto estrat\u00e9gico fundamental, ao longo da hist\u00f3ria, esta condi\u00e7\u00e3o continua a ser um ativo \u00fanico e uma oportunidade de desenvolvimento.<\/p>\n\n\n\n<p>Torres Vedras est\u00e1 no centro da din\u00e2mica de todo o pa\u00eds e deve ser refer\u00eancia de qualidade de vida, pela riqueza da sua natureza, potencial das suas terras e das suas gentes e na afirma\u00e7\u00e3o pelo mar, nos corredores que aqui passam e dever\u00e3o desenvolver-se como centralidade em constante evolu\u00e7\u00e3o, posicionando o nosso Concelho com a relev\u00e2ncia que pode e merece na regi\u00e3o, no pa\u00eds, na Europa e no mundo.<\/p>\n\n\n\n<p>A nossa proposta assenta na capacidade de unir esfor\u00e7os, compet\u00eancias, valores e ambi\u00e7\u00f5es, em torno de uma ideia e de um projeto de esperan\u00e7a no futuro: Unidos por Torres Vedras!<\/p>\n\n\n\n<h3 class=\"wp-block-heading\"><strong>DIREITO \u00c0 FELICIDADE<\/strong><\/h3>\n\n\n\n<p>Como projeto pol\u00edtico e alternativa democr\u00e1tica a um poder instalado e acomodado h\u00e1 tempo demais, somos a uni\u00e3o que responde ao desejo de mudan\u00e7a da comunidade, orientada para servir e proteger os interesses e aspira\u00e7\u00f5es das popula\u00e7\u00f5es. Propomos uma a\u00e7\u00e3o transformadora que envolva realmente os cidad\u00e3os, garantindo a sua participa\u00e7\u00e3o permanente e ativa, orientados pela transpar\u00eancia, a inova\u00e7\u00e3o e a melhoria de processos, valorizando e colocando o servi\u00e7o p\u00fablico ao dispor de todos.<\/p>\n\n\n\n<h3 class=\"wp-block-heading\"><strong>UM CONCELHO DE FUTURO<\/strong><\/h3>\n\n\n\n<p>A identidade de Torres Vedras fez-se da ambi\u00e7\u00e3o constante de querer mais e melhor, na confian\u00e7a de quem sabe ser capaz, que tem a compet\u00eancia para aproveitar todas as suas potencialidades e re\u00fane a credibilidade para unir \u00e0 sua volta quem queira abrir novos caminhos para o futuro do nosso concelho.<\/p>\n\n\n\n<p>Esses desafios s\u00e3o enormes, mas tamb\u00e9m muito estimulantes. \u00c9 tempo de nos unirmos, de ouvirmos quem sabe, reunir consensos e transformar. Criar uma vis\u00e3o de confian\u00e7a, ambi\u00e7\u00e3o e credibilidade. Somos uma for\u00e7a pol\u00edtica aberta \u00e0 participa\u00e7\u00e3o de todos os cidad\u00e3os que queiram unir-se, de forma a construirmos juntos um futuro que \u00e9, de facto, poss\u00edvel.<\/p>\n\n\n\n<h3 class=\"wp-block-heading\"><strong><em>MANIFESTO<\/em><\/strong><\/h3>\n\n\n\n<p>Nascidos ou habitantes no Concelho de Torres Vedras, cidad\u00e3os livres, maiores e no exerc\u00edcio pleno dos seus direitos c\u00edvicos e pol\u00edticos, Unidos por Torres Vedras \u00e9 uma plataforma pol\u00edtica, um projeto de mudan\u00e7a e uma candidatura \u00e0s Elei\u00e7\u00f5es Aut\u00e1rquicas de 2025.<\/p>\n\n\n\n<p>Consideramos urgente apostar no potencial do Concelho e dos seus cidad\u00e3os, para envolver, estimular, valorizar e fixar o seu potencial humano \u2013 a sua maior riqueza \u2013 promovendo a criatividade, a identidade e a cria\u00e7\u00e3o de valor, recuperando a centralidade e o prest\u00edgio da nossa regi\u00e3o no panorama nacional.<\/p>\n\n\n\n<p>Com base nos princ\u00edpios da confian\u00e7a, credibilidade e compet\u00eancia, queremos que Torres Vedras seja gerida de forma transparente, com sentido \u00e9tico, aberta ao di\u00e1logo permanente e de proximidade, planeando e construindo um futuro de inova\u00e7\u00e3o para todas as freguesias.<\/p>\n\n\n\n<p>Estamos cientes dos desafios dos novos tempos, mas igualmente convictos de que o nosso Concelho tem potencial para mais democracia, mais dinamismo e crescimento, para o que \u00e9 necess\u00e1ria uma uni\u00e3o de esfor\u00e7os e de ideias, focada no desenvolvimento e na melhoria da qualidade de vida, que tamb\u00e9m esteja refletida no trabalho, na transpar\u00eancia e na forma como os eleitos p\u00fablicos atuam e o servi\u00e7o aos cidad\u00e3os \u00e9 prestado.<\/p>\n\n\n\n<p>\u00c9 claro para todos que a C\u00e2mara Municipal de Torres Vedras, sempre sob a mesma gest\u00e3o, sem altern\u00e2ncia democr\u00e1tica, revela hoje uma incapacidade evidente de concretizar projetos, de apresentar uma vis\u00e3o de futuro, de reorganizar os servi\u00e7os e eliminar a burocracia ou de criar uma estrat\u00e9gia mobilizadora da comunidade, geradora de empregos e de esperan\u00e7a.<\/p>\n\n\n\n<p>Com todo o trabalho desenvolvido ao longo de 4 anos, em oposi\u00e7\u00e3o democr\u00e1tica, com largas dezenas de propostas apresentadas em todas as \u00e1reas de governa\u00e7\u00e3o, constitu\u00edmos uma alternativa positiva e de confian\u00e7a, que ambiciona e espera ser merecedora do voto dos cidad\u00e3os eleitores do nosso Concelho.<\/p>\n\n\n\n<p>Independentemente de simpatias partid\u00e1rias ou da vis\u00e3o pol\u00edtica, acreditamos na compet\u00eancia e na mudan\u00e7a do processo pol\u00edtico para conduzir a nossa terra ao futuro de qualidade que \u00e9, de facto, poss\u00edvel.<\/p>\n\n\n\n<ul class=\"wp-block-list\">\n<li>Ambicionamos uma pol\u00edtica de desenvolvimento para o munic\u00edpio, adotando boas pr\u00e1ticas nacionais e internacionais para garantir um crescimento sustentado;<\/li>\n\n\n\n<li>Projetamos uma estrutura\u00e7\u00e3o de bases para o futuro do Concelho, assente em dados objetivos e numa aferi\u00e7\u00e3o realista das capacidades;<\/li>\n\n\n\n<li>Promovemos a cidadania participativa, ambicionando a converg\u00eancia nas op\u00e7\u00f5es da comunidade, atrav\u00e9s de novas solu\u00e7\u00f5es de participa\u00e7\u00e3o, com presen\u00e7a permanente em todo o territ\u00f3rio durante os mandatos e mais pr\u00f3xima coopera\u00e7\u00e3o institucional \u2013 implementando o modelo de \u2018<em>Freguesias sede de Concelho<\/em>\u2019;<\/li>\n\n\n\n<li>Apresentamos uma equipa com provas dadas, competente, que trabalhar\u00e1 para proteger e servir a comunidade, assumindo compromissos e responsabilidade perante os cidad\u00e3os;<\/li>\n\n\n\n<li>Assumimos uma pr\u00e1tica \u00e9tica, com responsabilidade, idoneidade, transpar\u00eancia e presta\u00e7\u00e3o de contas. Gerindo, pelo exemplo, sem conflitos de interesses.<\/li>\n<\/ul>\n\n\n\n<h3 class=\"wp-block-heading\"><strong>VIS\u00c3O<\/strong><\/h3>\n\n\n\n<p>Um concelho de futuro, com cidad\u00e3os e recursos valorizados, um espa\u00e7o de felicidade, uma comunidade de valores.<\/p>\n\n\n\n<h3 class=\"wp-block-heading\"><strong>VALORES<\/strong><\/h3>\n\n\n\n<p>Os valores da compet\u00eancia, credibilidade e confian\u00e7a, determinam e orientam a a\u00e7\u00e3o do movimento unidos, numa vis\u00e3o comum de cidadania inclusiva, respons\u00e1vel e ativa.<\/p>\n\n\n\n<p><strong>Compet\u00eancia<\/strong><\/p>\n\n\n\n<p>Possuir os instrumentos, o conhecimento e a vontade para saber fazer.<\/p>\n\n\n\n<p><strong>Credibilidade<\/strong><\/p>\n\n\n\n<p>Fazer aquilo que se promete fazer, informando porqu\u00ea, como, quando e qual o efeito \u00fatil (legado) que se pretende alcan\u00e7ar.<\/p>\n\n\n\n<p><strong>Confian\u00e7a<\/strong><\/p>\n\n\n\n<p>Inspirar, pela apresenta\u00e7\u00e3o de resultados, a obedi\u00eancia a valores e a presta\u00e7\u00e3o de contas, a confian\u00e7a nas decis\u00f5es e solu\u00e7\u00f5es.<\/p>\n\n\n\n<p><strong>Uma Pol\u00edtica de proximidade<\/strong><\/p>\n\n\n\n<p>Em Portugal e por toda a Europa, movimentos c\u00edvicos e coliga\u00e7\u00f5es de for\u00e7as pol\u00edticas t\u00eam apresentado respostas \u00e0s necessidades e ambi\u00e7\u00f5es das popula\u00e7\u00f5es, alargando o debate p\u00fablico, refor\u00e7ando a cidadania e permitindo a participa\u00e7\u00e3o ativa dos cidad\u00e3os nos \u00f3rg\u00e3os de poder.<\/p>\n\n\n\n<p>A possibilidade de coliga\u00e7\u00f5es e grupos de cidad\u00e3os \u2013 com experi\u00eancia profissional fora da pol\u00edtica \u2013 apresentarem candidaturas a \u00f3rg\u00e3os aut\u00e1rquicos representa uma evolu\u00e7\u00e3o muito positiva no panorama do poder local, possibilitada pela Constitui\u00e7\u00e3o de 1976.<\/p>\n\n\n\n<p>O Unidos por Torres Vedras \u00e9 uma candidatura independente, livre e abrangente onde est\u00e3o pessoas de esquerda, de direita, provenientes de partidos ou apartid\u00e1rias, de todos os g\u00e9neros, origens, e de todas as idades.<\/p>\n\n\n\n<p><strong>O QUE NOS UNE \u00c9 TORRES VEDRAS!<\/strong><\/p>\n\n\n\n<h3 class=\"wp-block-heading\"><strong>PILARES<\/strong><\/h3>\n\n\n\n<p>Com base nos princ\u00edpios da confian\u00e7a, compet\u00eancia e credibilidade, Unidos por Torres Vedras ambiciona envolver todos os cidad\u00e3os, construindo um <strong>programa de governa\u00e7\u00e3o aut\u00e1rquica<\/strong> mais ambicioso e transparente.<\/p>\n\n\n\n<p>No centro da nossa a\u00e7\u00e3o est\u00e3o os <strong>Cidad\u00e3os<\/strong> e o <strong>Territ\u00f3rio<\/strong> \u2013 defendendo uma gest\u00e3o <strong>sustent\u00e1vel<\/strong> e transparente; planeando <strong>pol\u00edticas inovadoras<\/strong> e focadas no desenvolvimento, bem-estar e qualidade de vida e no futuro de Torres Vedras.<\/p>\n\n\n\n<p>Numa vis\u00e3o transversal do tratamento das v\u00e1rias \u00e1reas de interven\u00e7\u00e3o, estes s\u00e3o os quatro pilares nos quais assenta o nosso programa eleitoral e o modelo de governa\u00e7\u00e3o.<\/p>\n\n\n\n<hr class=\"wp-block-separator has-alpha-channel-opacity\"\/>\n\n\n\n<h4 class=\"wp-block-heading\"><strong><em>01. CIDAD\u00c3OS<\/em><\/strong><\/h4>\n\n\n\n<p>Cidad\u00e3os, cientes dos seus direitos e responsabilidades, participativos, envolvidos e livres. Cidad\u00e3os que formem uma comunidade que deve ser servida e protegida atrav\u00e9s de modelos de governa\u00e7\u00e3o aut\u00e1rquica transparente. Comunidade com leg\u00edtimas aspira\u00e7\u00f5es \u00e0 felicidade e progresso individual e familiar. Cidad\u00e3os em processo de capacita\u00e7\u00e3o social, transformadores de uma sociedade mais coesa, convergente, ambiciosa, capaz. Cidad\u00e3os, prop\u00f3sito principal das pol\u00edticas p\u00fablicas.<\/p>\n\n\n\n<hr class=\"wp-block-separator has-alpha-channel-opacity\"\/>\n\n\n\n<h4 class=\"wp-block-heading\"><strong><em>02. TERRIT\u00d3RIO<\/em><\/strong><\/h4>\n\n\n\n<p>Territ\u00f3rio de identidade, espa\u00e7o onde vivemos e onde nos definimos enquanto indiv\u00edduos, lugar onde constru\u00edmos a comunidade a que pertencemos. Territ\u00f3rio espelho da nossa hist\u00f3ria, dos nossos recursos naturais e sociais, das nossas ra\u00edzes e tradi\u00e7\u00f5es. Territ\u00f3rio de interven\u00e7\u00f5es que satisfa\u00e7am o equil\u00edbrio entre as necessidades do tempo presente e o potencial do tempo futuro. Espa\u00e7o de uma gest\u00e3o de desenvolvimento orientada para o seu melhor aproveitamento.<\/p>\n\n\n\n<hr class=\"wp-block-separator has-alpha-channel-opacity\"\/>\n\n\n\n<h4 class=\"wp-block-heading\"><strong><em>03. SUSTENTABILIDADE<\/em><\/strong><\/h4>\n\n\n\n<p>Sustentabilidade, pilar orientador de todas as pol\u00edticas p\u00fablicas, conduzindo a uma gest\u00e3o consciente, transparente e racional dos recursos. Sustentabilidade, como quem sustenta, defende, favorece, apoia, conserva, cuida, em busca de uma rela\u00e7\u00e3o de harmonia entre os cidad\u00e3os e o territ\u00f3rio onde habitam. Promovendo, atrav\u00e9s da transpar\u00eancia e de boas pr\u00e1ticas de governa\u00e7\u00e3o, um futuro, social, econ\u00f3mica e ambientalmente sustent\u00e1vel.<\/p>\n\n\n\n<hr class=\"wp-block-separator has-alpha-channel-opacity\"\/>\n\n\n\n<h4 class=\"wp-block-heading\"><strong><em>04. INOVA\u00c7\u00c3O &amp; DESENVOLVIMENTO<\/em><\/strong><\/h4>\n\n\n\n<p>Inova\u00e7\u00e3o e desenvolvimento, promo\u00e7\u00e3o de investimento p\u00fablico e privado, dirigido e estrat\u00e9gico para criar, atrair e difundir amplamente as inova\u00e7\u00f5es, garantindo um acesso transparente e universal a esses avan\u00e7os e esses direitos como fundamentos do concelho. Inova\u00e7\u00e3o e desenvolvimento, assentes em bases realistas, transparentes e cred\u00edveis, que transformem a qualidade de vida dos cidad\u00e3os e assentem nos valores da liberdade.<\/p>\n\n\n\n<p><strong>UM PROGRAMA DE FUTURO, DE TODOS E PARA TODOS, HOJE E AMANH\u00c3<\/strong><\/p>\n\n\n\n<p>O programa que se apresenta assenta na rela\u00e7\u00e3o dos <strong>CIDAD\u00c3OS<\/strong> com o <strong>TERRIT\u00d3RIO<\/strong>. Essa rela\u00e7\u00e3o deve ser <strong>SUSTENT\u00c1VEL<\/strong>, usando os recursos de hoje, para os que vivem no tempo presente, mas sem comprometer que possam ser usados tamb\u00e9m, na sua plenitude, pelas futuras gera\u00e7\u00f5es. Finalmente, essa rela\u00e7\u00e3o tem de visar a cria\u00e7\u00e3o de riqueza e bem-estar, de hoje e amanh\u00e3, e para isso tem de assentar na <strong>INOVA\u00c7\u00c3O &amp; DESENVOLVIMENTO<\/strong>.<\/p>\n\n\n\n<p>S\u00f3 uma rela\u00e7\u00e3o harmoniosa dos cidad\u00e3os com o territ\u00f3rio, com vista ao seu bem-estar e \u00e0 preserva\u00e7\u00e3o do espa\u00e7o que habitam pode garantir que Torres Vedras seja uma <strong>TERRA COM HIST\u00d3RIA E COM FUTURO<\/strong>.<\/p>\n\n\n\n<p>Este programa \u00e9 o resultado do trabalho de centenas de pessoas, em especial ao longo de 4 anos, Torrienses que vivem no concelho ou espalhados pelo mundo e cont\u00e9m propostas em <strong>14 \u00c1REAS DE GOVERNA\u00c7\u00c3O<\/strong>, elaboradas por especialistas nessas \u00e1reas, em v\u00e1rios casos, ou por cidad\u00e3os empenhados na constru\u00e7\u00e3o de solu\u00e7\u00f5es para o nosso concelho.<\/p>\n\n\n\n<p>Aqui se re\u00fanem ideias que partiram de pessoas de esquerda, de direita, independentes, de todas as idades, etnias e credos, que habitam na cidade, no campo, ou junto ao mar, com a generosidade c\u00edvica de quem se disp\u00f5e a contribuir para a constru\u00e7\u00e3o de um futuro melhor, da terra que amam.<\/p>\n\n\n\n<p>Unidos na converg\u00eancia de um interesse comum, por Torres Vedras.<\/p>\n\n\n\n<h3 class=\"wp-block-heading\"><strong>UNIDOS \u2013 PROCESSO &amp; TRANSPAR\u00caNCIA<\/strong><\/h3>\n\n\n\n<p>Desde o in\u00edcio de constru\u00e7\u00e3o do <em>Unidos por Torres Vedras<\/em> que anunci\u00e1mos que \u2018a pol\u00edtica\u2019 ou o \u2018exerc\u00edcio de governa\u00e7\u00e3o da coisa p\u00fablica\u2019 s\u00e3o um \u201cprocesso\u201d.<\/p>\n\n\n\n<p>Um \u2018processo\u2019 \u201c<em>\u00e9 uma sequ\u00eancia organizada de a\u00e7\u00f5es, atividades e formalidades, inter-relacionadas, que transformam prop\u00f3sitos em resultados ou objetivos espec\u00edficos, servindo como um m\u00e9todo para atingir um fim<\/em>\u201d ou, como entrada de dicion\u00e1rio: \u2018processo\u2019 \u00e9 um \u201cmodo de fazer uma coisa\u201d.<\/p>\n\n\n\n<p>Na \u2018coisa p\u00fablica\u2019, como os recursos s\u00e3o escassos e as necessidades intermin\u00e1veis (princ\u00edpio da <em>intangibilidade<\/em>), o \u2018processo\u2019 \u00e9 determinante, porque \u00e9 atrav\u00e9s dele que se alcan\u00e7am (ou n\u00e3o) os resultados. \u00c9 atrav\u00e9s de um \u2018processo\u2019 que se fazem escolhas (definindo prioridades) e se decide a aloca\u00e7\u00e3o dos recursos existentes, que se estabelecem metas e se distribuem tarefas. As m\u00e1s op\u00e7\u00f5es levam ao desperd\u00edcio de recursos, a perdas de tempo e objetivos falhados. As boas op\u00e7\u00f5es, para bem dos destinat\u00e1rios (os cidad\u00e3os) resultam na satisfa\u00e7\u00e3o de necessidades, ao desenvolvimento e ao enriquecimento das comunidades.<\/p>\n\n\n\n<p>O que propomos ao eleitorado e aos cidad\u00e3os Torrienses \u00e9 um \u2018modo diferente\u2019 de \u2018fazer as coisas\u2019. Um processo diferente daquele que, por exemplo, levou a que o poder instalado h\u00e1 49 anos (PS) tenha de escrever um relat\u00f3rio em 2025 (por imposi\u00e7\u00e3o legal), tarde e a m\u00e1s horas, o REOT (dispon\u00edvel online, pesquise \u2018REOT Torres Vedras\u2019)<strong>,<\/strong> a explicar que mais de 80% das obras que se propunha fazer nos \u00faltimos 20 anos n\u00e3o est\u00e3o feitas (gr\u00e1ficos da p\u00e1gina 378 e seguintes). Tire as suas conclus\u00f5es.<\/p>\n\n\n\n<p>Como parte deste novo \u2018processo\u2019 pol\u00edtico, ou seja, de fazer as coisas, foi realizado muito trabalho, ao longo de 4 anos, elaborando e apresentando propostas em todas as sess\u00f5es de C\u00e2mara, s\u00f3 esporadicamente aprovadas pelo executivo maiorit\u00e1rio.<\/p>\n\n\n\n<p>Hoje, \u00e0 porta de elei\u00e7\u00f5es aut\u00e1rquicas, apresentamos um programa enriquecido com muitas dessas propostas, com o processo do que nos propomos fazer, do como, do quando e qual o impacto esperado, seja no ambiente, na juventude ou em termos or\u00e7amentais.<\/p>\n\n\n\n<p>Mas fazemos mais, porque a \u2018transpar\u00eancia\u2019, para n\u00f3s, \u00e9 parte do processo e n\u00e3o um adjetivo mais ou menos conveniente do processo pol\u00edtico habitual. \u2018Transpar\u00eancia\u2019 \u00e9 a primeira pe\u00e7a de um processo pol\u00edtico s\u00e9rio, \u00e9tico, em que o sorriso de simpatia gere confian\u00e7a, seja cred\u00edvel e n\u00e3o enganoso.<\/p>\n\n\n\n<p>Por isso, tal como anunci\u00e1mos no dia 7 de abril, junt\u00e1mos for\u00e7as entre aqueles que acreditam e desejam mudan\u00e7as do \u2018processo pol\u00edtico\u2019, escolhendo pessoas e n\u00e3o cores partid\u00e1rias ou fa\u00e7\u00f5es, sorrisos f\u00e1ceis ou compadrios. Escolhemos a nossa equipa, as nossas equipas, na base de compet\u00eancias, credibilidade, provas dadas, capacidade para gerarem uma din\u00e2mica de confian\u00e7a, energia e esperan\u00e7a. Pessoas capazes de mudar esta hist\u00f3ria e dar a Torres Vedras, \u00e0s suas Freguesias, \u00e0s suas gentes, um futuro que merecem e que \u00e9, naturalmente, poss\u00edvel.<\/p>\n\n\n\n<p>Entendemos, por isto, que \u00e9 importante que todos saibam \u2013 cidad\u00e3os, funcion\u00e1rios da autarquia, fornecedores, parceiros, agentes culturais, econ\u00f3micos e outros \u2013 quem s\u00e3o as pessoas que ir\u00e3o integrar o executivo camar\u00e1rio e por que raz\u00e3o integram esta candidatura. A equipa.<\/p>\n\n\n\n<p>Transpar\u00eancia significa dizer que \u2018processo pol\u00edtico\u2019 se prop\u00f5e para o futuro da cidade e do concelho, mas tamb\u00e9m o como, com quem e porqu\u00ea.<\/p>\n\n\n\n<p>Assim como parte integrante da proposta de \u2018projeto\u2019 e de governa\u00e7\u00e3o do Unidos por Torres Vedras e dando sentido ao significado de \u2018transpar\u00eancia\u2019, explicamos o que cada um dos candidatos ao Executivo Camar\u00e1rios (os Vereadores), vir\u00e1 a executar e as \u00e1reas de governa\u00e7\u00e3o pelas quais ter\u00e1 responsabilidade.<\/p>\n\n\n\n<p><strong><em>S\u00e9rgio Galv\u00e3o<\/em><\/strong><\/p>\n\n\n\n<p>Administra\u00e7\u00e3o Geral de servi\u00e7os<\/p>\n\n\n\n<p>Gabinete de apoio \u00e0s Freguesias<\/p>\n\n\n\n<p>Economia &amp; Finan\u00e7as<\/p>\n\n\n\n<p>Recursos Humanos<\/p>\n\n\n\n<p>Obras Municipais<\/p>\n\n\n\n<p>Turismo<\/p>\n\n\n\n<p>Promotorres<\/p>\n\n\n\n<p>SMAS<\/p>\n\n\n\n<p><strong><em>Rita Sammer<\/em><\/strong><\/p>\n\n\n\n<p>Educa\u00e7\u00e3o<\/p>\n\n\n\n<p>Sa\u00fade e bem-estar&nbsp;<\/p>\n\n\n\n<p>Desenvolvimento social, inclus\u00e3o e envelhecimento ativo<\/p>\n\n\n\n<p>Coes\u00e3o social e desenvolvimento humano<\/p>\n\n\n\n<p><strong><em>Diogo Guia<\/em><\/strong><\/p>\n\n\n\n<p>Ambiente, mundo rural, mar e sustentabilidade<\/p>\n\n\n\n<p>Internacionaliza\u00e7\u00e3o, gemina\u00e7\u00f5es e desenvolvimento estrat\u00e9gico<\/p>\n\n\n\n<p>Gest\u00e3o de informa\u00e7\u00e3o, inova\u00e7\u00e3o e seguran\u00e7a<\/p>\n\n\n\n<p>Prote\u00e7\u00e3o Civil<\/p>\n\n\n\n<p>Desporto<\/p>\n\n\n\n<p><strong><em>B\u00e1rbara Amaro<\/em><\/strong><\/p>\n\n\n\n<p>Urbanismo<\/p>\n\n\n\n<p>Habita\u00e7\u00e3o<\/p>\n\n\n\n<p>Tr\u00e2nsito, mobilidade e estacionamento<\/p>\n\n\n\n<p>Planeamento estrat\u00e9gico e ordenamento territorial<\/p>\n\n\n\n<p>Gest\u00e3o de espa\u00e7os p\u00fablicos e qualidade de vida<\/p>\n\n\n\n<p><strong><em>Rui Estrela<\/em><\/strong><\/p>\n\n\n\n<p>Associativismo &amp; Cidadania<\/p>\n\n\n\n<p>Cultura &amp; Identidade<\/p>\n\n\n\n<p>Economia Criativa<\/p>\n\n\n\n<p>Patrim\u00f3nio Cultural &amp; preserva\u00e7\u00e3o da mem\u00f3ria<\/p>\n\n\n\n<p>Biblioteca &amp; Arquivos<\/p>\n\n\n\n<p>Galerias, Artes Visuais &amp; Performativas<\/p>\n\n\n\n<p><strong><em>Pedro Miranda<\/em><\/strong><\/p>\n\n\n\n<p>Juventude<\/p>\n\n\n\n<p>Comunica\u00e7\u00e3o<\/p>\n\n\n\n<p>Casa da Juventude<\/p>\n\n\n\n<p>Inova\u00e7\u00e3o &amp; Desenvolvimento<\/p>\n\n\n\n<p>Efici\u00eancia, Tecnologia &amp; IA<\/p>\n\n\n\n<h3 class=\"wp-block-heading\"><strong>\u00cdNDICE<\/strong><\/h3>\n\n\n\n<h3 class=\"wp-block-heading\"><strong>\u00cdNDICE<\/strong><\/h3>\n\n\n\n<figure class=\"wp-block-table\"><table class=\"has-fixed-layout\"><tbody><tr><td><strong>TEMAS \/ \u00c1REAS<\/strong><\/td><td colspan=\"3\"><strong>PILARES<\/strong><\/td><\/tr><tr><td><strong>GOVERNA\u00c7\u00c3O<\/strong><\/td><td><em>Cidad\u00e3os<\/em><\/td><td><em>Inova\u00e7\u00e3o &amp; Desenvolvimento<\/em><\/td><td><em>Sustentabilidade<\/em><\/td><\/tr><tr><td><strong>CIDADANIA &amp; ASSOCIATIVISMO<\/strong><\/td><td><em>Cidad\u00e3os<\/em><\/td><td><em>Sustentabilidade<\/em><\/td><td><em>Sustentabilidade<\/em><\/td><\/tr><tr><td><strong>SA\u00daDE<\/strong><\/td><td><em>Cidad\u00e3os<\/em><\/td><td><em>Inova\u00e7\u00e3o &amp; Desenvolvimento<\/em><\/td><td><em>Sustentabilidade<\/em><\/td><\/tr><tr><td><strong>EDUCA\u00c7\u00c3O, INCLUS\u00c3O &amp; DESENVOLVIMENTO SOCIAL<\/strong><\/td><td><em>Cidad\u00e3os<\/em><\/td><td><em>Inova\u00e7\u00e3o &amp; Desenvolvimento<\/em><\/td><td><em>Sustentabilidade<\/em><\/td><\/tr><tr><td><strong>JUVENTUDE<\/strong><\/td><td><em>Cidad\u00e3os<\/em><\/td><td><em>Inova\u00e7\u00e3o &amp; Desenvolvimento<\/em><\/td><td><em>Sustentabilidade<\/em><\/td><\/tr><tr><td><strong>URBANISMO, HABITA\u00c7\u00c3O &amp; MOBILIDADE<\/strong><\/td><td><em>Territ\u00f3rio<\/em><\/td><td><em>Sustentabilidade<\/em><\/td><td><em>Inova\u00e7\u00e3o &amp; Desenvolvimento<\/em><\/td><\/tr><tr><td><strong>CULTURA, PATRIM\u00d3NIO CULTURAL &amp; TURISMO<\/strong><\/td><td><em>Cidad\u00e3os<\/em><\/td><td><em>Territ\u00f3rio<\/em><\/td><td><em>Sustentabilidade<\/em><\/td><\/tr><tr><td><strong>ECONOMIA &amp; COMPETITIVIDADE<\/strong><\/td><td><em>Inova\u00e7\u00e3o &amp; Desenvolvimento<\/em><\/td><td><em>Sustentabilidade<\/em><\/td><td><em>Territ\u00f3rio<\/em><\/td><\/tr><tr><td><strong>AMBIENTE &amp; BEM-ESTAR ANIMAL<\/strong><\/td><td><em>Sustentabilidade<\/em><\/td><td><em>Territ\u00f3rio<\/em><\/td><td><em>Inova\u00e7\u00e3o &amp; Desenvolvimento<\/em><\/td><\/tr><tr><td><strong>MUNDO RURAL<\/strong><\/td><td><em>Territ\u00f3rio<\/em><\/td><td><em>Sustentabilidade<\/em><\/td><td><em>Inova\u00e7\u00e3o &amp; Desenvolvimento<\/em><\/td><\/tr><tr><td><strong>MAR &amp; COSTA ATL\u00c2NTICA<\/strong><\/td><td><em>Territ\u00f3rio<\/em><\/td><td><em>Sustentabilidade<\/em><\/td><td><em>Inova\u00e7\u00e3o &amp; Desenvolvimento<\/em><\/td><\/tr><tr><td><strong>DESPORTO<\/strong><\/td><td><em>Cidad\u00e3os<\/em><\/td><td><em>Inova\u00e7\u00e3o &amp; Desenvolvimento<\/em><\/td><td><em>Territ\u00f3rio<\/em><\/td><\/tr><tr><td><strong>PROTE\u00c7\u00c3O CIVIL &amp; SEGURAN\u00c7A<\/strong><\/td><td><em>Cidad\u00e3os<\/em><\/td><td><em>Territ\u00f3rio<\/em><\/td><td><em>Sustentabilidade<\/em><\/td><\/tr><tr><td><\/td><td><\/td><td><\/td><td><\/td><\/tr><tr><td><strong>SANTA CRUZ<\/strong><\/td><td>Territ\u00f3rio<\/td><td><em>Sustentabilidade<\/em><\/td><td><em>Inova\u00e7\u00e3o &amp; Desenvolvimento<\/em><\/td><\/tr><tr><td colspan=\"4\"><strong>\u00cdNDICE TEM\u00c1TICO<\/strong><\/td><\/tr><\/tbody><\/table><\/figure>\n\n\n\n<p><strong>LEGENDAS<\/strong><\/p>\n\n\n\n<p><strong>T\u00cdTULO<\/strong><\/p>\n\n\n\n<p>Designa\u00e7\u00e3o do tema, projeto, iniciativa, programa ou a\u00e7\u00e3o.<\/p>\n\n\n\n<p><strong>PROPOSTA<\/strong><\/p>\n\n\n\n<p>Descri\u00e7\u00e3o sum\u00e1ria do que se pretende executar, dinamizar ou desenvolver para melhor proteger ou servir os cidad\u00e3os.<\/p>\n\n\n\n<p><strong>\u00c2NCORA<\/strong><\/p>\n\n\n\n<p>Elemento central ou ponto de partida da proposta, na base do qual se prop\u00f5e alcan\u00e7arem-se os objetivos de interesse p\u00fablico ao servi\u00e7o dos cidad\u00e3os.<\/p>\n\n\n\n<p><strong>OBJETIVOS<\/strong><\/p>\n\n\n\n<p>Fins \u00faltimos que se pretendem alcan\u00e7ar com a proposta no servi\u00e7o aos cidad\u00e3os.&nbsp;<\/p>\n\n\n\n<p><strong>COMPROMISSOS<\/strong><\/p>\n\n\n\n<p>Etapas ou a\u00e7\u00f5es a desenvolver ao longo do tempo, encadeadas, sistem\u00e1ticas e exequ\u00edveis (obedecendo a um plano e cronograma) para alcan\u00e7ar os objetivos.<\/p>\n\n\n\n<p><strong><em>Impacto or\u00e7amental<\/em><\/strong><strong>: alto, m\u00e9dio, baixo<\/strong><br>Grau de impacto nas contas do munic\u00edpio.<\/p>\n\n\n\n<p><strong><em>Impacte ambiental<\/em><\/strong><strong>: baixo, m\u00e9dio, alto<\/strong><br>Grau de impacto no ambiente.<\/p>\n\n\n\n<p><strong><em>Impacto na juventude<\/em><\/strong><\/p>\n\n\n\n<p>Relevo ou impacto para\/na juventude.<\/p>\n\n\n\n<p><br><strong><em>Prioridade<\/em><\/strong><strong>: alta, m\u00e9dia, baixa<\/strong><\/p>\n\n\n\n<p>No quadro das diversas pol\u00edticas municipais.<\/p>\n\n\n\n<p><strong><em>Exequibilidade<\/em><\/strong>&nbsp;<\/p>\n\n\n\n<p>Execu\u00e7\u00e3o previs\u00edvel a 4, 8 ou 12 anos.<\/p>\n\n\n\n<p><strong><em>Legado<\/em><\/strong><\/p>\n\n\n\n<p>Qual o impacto\/benef\u00edcio de natureza duradoura para a comunidade.<\/p>\n","protected":false},"template":"","class_list":["post-479","programa","type-programa","status-publish","hentry"],"acf":[],"yoast_head":"<!-- This site is optimized with the Yoast SEO plugin v26.0 - https:\/\/yoast.com\/wordpress\/plugins\/seo\/ -->\n<title>Introdu\u00e7\u00e3o - Unidos por Torres Vedras<\/title>\n<meta name=\"robots\" content=\"index, follow, max-snippet:-1, max-image-preview:large, max-video-preview:-1\" \/>\n<link rel=\"canonical\" href=\"https:\/\/unidosportorresvedras.pt\/2025\/programa\/introducao\/\" \/>\n<meta property=\"og:locale\" content=\"en_US\" \/>\n<meta property=\"og:type\" content=\"article\" \/>\n<meta property=\"og:title\" content=\"Introdu\u00e7\u00e3o - Unidos por Torres Vedras\" \/>\n<meta property=\"og:description\" content=\"UMA VIS\u00c3O ESTRAT\u00c9GICA PARA TORRES VEDRAS Programa Eleitoral Aut\u00e1rquico 2025 UNIDOS POR TORRES VEDRAS&nbsp; TORRES VEDRAS. TERRA COM HIST\u00d3RIA. TERRA COM FUTURO. \u00cdNDICE Raz\u00e3o de uma candidatura conjunta e porqu\u00ea \u201cUnidos por Torres Vedras\u201d Introdu\u00e7\u00e3o Uma comunidade de valoresO direito \u00e0 felicidadeUm concelho de futuro Manifesto Vis\u00e3oValoresUma pol\u00edtica de proximidade Pilares Um programa de futuro, [&hellip;]\" \/>\n<meta property=\"og:url\" content=\"https:\/\/unidosportorresvedras.pt\/2025\/programa\/introducao\/\" \/>\n<meta property=\"og:site_name\" content=\"Unidos por Torres Vedras\" \/>\n<meta property=\"article:modified_time\" content=\"2025-10-01T21:21:48+00:00\" \/>\n<meta name=\"twitter:card\" content=\"summary_large_image\" \/>\n<meta name=\"twitter:label1\" content=\"Est. reading time\" \/>\n\t<meta name=\"twitter:data1\" content=\"17 minutes\" \/>\n<script type=\"application\/ld+json\" class=\"yoast-schema-graph\">{\"@context\":\"https:\/\/schema.org\",\"@graph\":[{\"@type\":\"WebPage\",\"@id\":\"https:\/\/unidosportorresvedras.pt\/2025\/programa\/introducao\/\",\"url\":\"https:\/\/unidosportorresvedras.pt\/2025\/programa\/introducao\/\",\"name\":\"Introdu\u00e7\u00e3o - Unidos por Torres Vedras\",\"isPartOf\":{\"@id\":\"https:\/\/unidosportorresvedras.pt\/2025\/#website\"},\"datePublished\":\"2025-09-29T15:14:15+00:00\",\"dateModified\":\"2025-10-01T21:21:48+00:00\",\"breadcrumb\":{\"@id\":\"https:\/\/unidosportorresvedras.pt\/2025\/programa\/introducao\/#breadcrumb\"},\"inLanguage\":\"en-US\",\"potentialAction\":[{\"@type\":\"ReadAction\",\"target\":[\"https:\/\/unidosportorresvedras.pt\/2025\/programa\/introducao\/\"]}]},{\"@type\":\"BreadcrumbList\",\"@id\":\"https:\/\/unidosportorresvedras.pt\/2025\/programa\/introducao\/#breadcrumb\",\"itemListElement\":[{\"@type\":\"ListItem\",\"position\":1,\"name\":\"Home\",\"item\":\"https:\/\/unidosportorresvedras.pt\/2025\/\"},{\"@type\":\"ListItem\",\"position\":2,\"name\":\"Programa\",\"item\":\"https:\/\/unidosportorresvedras.pt\/2025\/estatutos\/\"},{\"@type\":\"ListItem\",\"position\":3,\"name\":\"Introdu\u00e7\u00e3o\"}]},{\"@type\":\"WebSite\",\"@id\":\"https:\/\/unidosportorresvedras.pt\/2025\/#website\",\"url\":\"https:\/\/unidosportorresvedras.pt\/2025\/\",\"name\":\"Unidos por Torres Vedras\",\"description\":\"\",\"publisher\":{\"@id\":\"https:\/\/unidosportorresvedras.pt\/2025\/#organization\"},\"potentialAction\":[{\"@type\":\"SearchAction\",\"target\":{\"@type\":\"EntryPoint\",\"urlTemplate\":\"https:\/\/unidosportorresvedras.pt\/2025\/?s={search_term_string}\"},\"query-input\":{\"@type\":\"PropertyValueSpecification\",\"valueRequired\":true,\"valueName\":\"search_term_string\"}}],\"inLanguage\":\"en-US\"},{\"@type\":\"Organization\",\"@id\":\"https:\/\/unidosportorresvedras.pt\/2025\/#organization\",\"name\":\"Unidos por Torres Vedras\",\"url\":\"https:\/\/unidosportorresvedras.pt\/2025\/\",\"logo\":{\"@type\":\"ImageObject\",\"inLanguage\":\"en-US\",\"@id\":\"https:\/\/unidosportorresvedras.pt\/2025\/#\/schema\/logo\/image\/\",\"url\":\"https:\/\/unidosportorresvedras.pt\/2025\/wp-content\/uploads\/2025\/08\/unidos_2025.svg\",\"contentUrl\":\"https:\/\/unidosportorresvedras.pt\/2025\/wp-content\/uploads\/2025\/08\/unidos_2025.svg\",\"width\":100,\"height\":100,\"caption\":\"Unidos por Torres Vedras\"},\"image\":{\"@id\":\"https:\/\/unidosportorresvedras.pt\/2025\/#\/schema\/logo\/image\/\"}}]}<\/script>\n<!-- \/ Yoast SEO plugin. -->","yoast_head_json":{"title":"Introdu\u00e7\u00e3o - Unidos por Torres Vedras","robots":{"index":"index","follow":"follow","max-snippet":"max-snippet:-1","max-image-preview":"max-image-preview:large","max-video-preview":"max-video-preview:-1"},"canonical":"https:\/\/unidosportorresvedras.pt\/2025\/programa\/introducao\/","og_locale":"en_US","og_type":"article","og_title":"Introdu\u00e7\u00e3o - Unidos por Torres Vedras","og_description":"UMA VIS\u00c3O ESTRAT\u00c9GICA PARA TORRES VEDRAS Programa Eleitoral Aut\u00e1rquico 2025 UNIDOS POR TORRES VEDRAS&nbsp; TORRES VEDRAS. TERRA COM HIST\u00d3RIA. TERRA COM FUTURO. \u00cdNDICE Raz\u00e3o de uma candidatura conjunta e porqu\u00ea \u201cUnidos por Torres Vedras\u201d Introdu\u00e7\u00e3o Uma comunidade de valoresO direito \u00e0 felicidadeUm concelho de futuro Manifesto Vis\u00e3oValoresUma pol\u00edtica de proximidade Pilares Um programa de futuro, [&hellip;]","og_url":"https:\/\/unidosportorresvedras.pt\/2025\/programa\/introducao\/","og_site_name":"Unidos por Torres Vedras","article_modified_time":"2025-10-01T21:21:48+00:00","twitter_card":"summary_large_image","twitter_misc":{"Est. reading time":"17 minutes"},"schema":{"@context":"https:\/\/schema.org","@graph":[{"@type":"WebPage","@id":"https:\/\/unidosportorresvedras.pt\/2025\/programa\/introducao\/","url":"https:\/\/unidosportorresvedras.pt\/2025\/programa\/introducao\/","name":"Introdu\u00e7\u00e3o - Unidos por Torres Vedras","isPartOf":{"@id":"https:\/\/unidosportorresvedras.pt\/2025\/#website"},"datePublished":"2025-09-29T15:14:15+00:00","dateModified":"2025-10-01T21:21:48+00:00","breadcrumb":{"@id":"https:\/\/unidosportorresvedras.pt\/2025\/programa\/introducao\/#breadcrumb"},"inLanguage":"en-US","potentialAction":[{"@type":"ReadAction","target":["https:\/\/unidosportorresvedras.pt\/2025\/programa\/introducao\/"]}]},{"@type":"BreadcrumbList","@id":"https:\/\/unidosportorresvedras.pt\/2025\/programa\/introducao\/#breadcrumb","itemListElement":[{"@type":"ListItem","position":1,"name":"Home","item":"https:\/\/unidosportorresvedras.pt\/2025\/"},{"@type":"ListItem","position":2,"name":"Programa","item":"https:\/\/unidosportorresvedras.pt\/2025\/estatutos\/"},{"@type":"ListItem","position":3,"name":"Introdu\u00e7\u00e3o"}]},{"@type":"WebSite","@id":"https:\/\/unidosportorresvedras.pt\/2025\/#website","url":"https:\/\/unidosportorresvedras.pt\/2025\/","name":"Unidos por Torres Vedras","description":"","publisher":{"@id":"https:\/\/unidosportorresvedras.pt\/2025\/#organization"},"potentialAction":[{"@type":"SearchAction","target":{"@type":"EntryPoint","urlTemplate":"https:\/\/unidosportorresvedras.pt\/2025\/?s={search_term_string}"},"query-input":{"@type":"PropertyValueSpecification","valueRequired":true,"valueName":"search_term_string"}}],"inLanguage":"en-US"},{"@type":"Organization","@id":"https:\/\/unidosportorresvedras.pt\/2025\/#organization","name":"Unidos por Torres Vedras","url":"https:\/\/unidosportorresvedras.pt\/2025\/","logo":{"@type":"ImageObject","inLanguage":"en-US","@id":"https:\/\/unidosportorresvedras.pt\/2025\/#\/schema\/logo\/image\/","url":"https:\/\/unidosportorresvedras.pt\/2025\/wp-content\/uploads\/2025\/08\/unidos_2025.svg","contentUrl":"https:\/\/unidosportorresvedras.pt\/2025\/wp-content\/uploads\/2025\/08\/unidos_2025.svg","width":100,"height":100,"caption":"Unidos por Torres Vedras"},"image":{"@id":"https:\/\/unidosportorresvedras.pt\/2025\/#\/schema\/logo\/image\/"}}]}},"_links":{"self":[{"href":"https:\/\/unidosportorresvedras.pt\/2025\/wp-json\/wp\/v2\/programa\/479","targetHints":{"allow":["GET"]}}],"collection":[{"href":"https:\/\/unidosportorresvedras.pt\/2025\/wp-json\/wp\/v2\/programa"}],"about":[{"href":"https:\/\/unidosportorresvedras.pt\/2025\/wp-json\/wp\/v2\/types\/programa"}],"wp:attachment":[{"href":"https:\/\/unidosportorresvedras.pt\/2025\/wp-json\/wp\/v2\/media?parent=479"}],"curies":[{"name":"wp","href":"https:\/\/api.w.org\/{rel}","templated":true}]}}